{"id":304,"date":"2023-06-14T11:23:35","date_gmt":"2023-06-14T11:23:35","guid":{"rendered":"https:\/\/ore.fundacion-sm.org\/la-religion-en-la-escuela\/"},"modified":"2025-02-25T14:33:48","modified_gmt":"2025-02-25T14:33:48","slug":"a-religiao-na-escola","status":"publish","type":"page","link":"https:\/\/ore.fundacion-sm.org\/pt-br\/a-religiao-na-escola\/","title":{"rendered":"A religi\u00e3o na escola"},"content":{"rendered":"\t\t<div data-elementor-type=\"wp-page\" data-elementor-id=\"304\" class=\"elementor elementor-304 elementor-97\" data-elementor-post-type=\"page\">\n\t\t\t\t\t\t<section class=\"elementor-section elementor-top-section elementor-element elementor-element-f930de7 elementor-section-full_width elementor-section-height-default elementor-section-height-default\" data-id=\"f930de7\" data-element_type=\"section\">\n\t\t\t\t\t\t<div class=\"elementor-container elementor-column-gap-default\">\n\t\t\t\t\t<div class=\"elementor-column elementor-col-100 elementor-top-column elementor-element elementor-element-07aeee9\" data-id=\"07aeee9\" data-element_type=\"column\">\n\t\t\t<div class=\"elementor-widget-wrap elementor-element-populated\">\n\t\t\t\t\t\t<div class=\"elementor-element elementor-element-8d8a7de elementor-widget elementor-widget-bloque-cabecera-menu\" data-id=\"8d8a7de\" data-element_type=\"widget\" data-widget_type=\"bloque-cabecera-menu.default\">\n\t\t\t\t<div class=\"elementor-widget-container\">\n\t\t\t\t\t<header class=\"header normal\">\n    <div id=\"sticky_header\" class=\"no-sticky\">\n        <div class=\"container\">\n            <div class=\"row\">\n                <div class=\"col-12 d-flex justify-content-between align-items-center\">\n                    <div class=\"logo \">\n                        <a href=\"https:\/\/ore.fundacion-sm.org\/pt-br\/\" class=\"custom-logo-link\" rel=\"home\"><img fetchpriority=\"high\" decoding=\"async\" width=\"560\" height=\"112\" src=\"https:\/\/ore.fundacion-sm.org\/wp-content\/uploads\/sites\/2\/2025\/03\/logotipo-portugues.png\" class=\"custom-logo\" alt=\"Logotipo Observat\u00f3rio da Religi\u00e3o na Escola, ORE.\" srcset=\"https:\/\/ore.fundacion-sm.org\/wp-content\/uploads\/sites\/2\/2025\/03\/logotipo-portugues.png 560w, https:\/\/ore.fundacion-sm.org\/wp-content\/uploads\/sites\/2\/2025\/03\/logotipo-portugues-300x60.png 300w\" sizes=\"(max-width: 560px) 100vw, 560px\" \/><\/a>                                            <\/div>\n                    <div class=\"menu-header\">\n                        \n\n                        \n                                                <div id=\"nav-menu\" data-target=\"#main_menu\" data-toggle=\"collapse\" class=\"navbar-toggle openMenu\">\n                          <span><\/span>\n                          <span><\/span>\n                          <span><\/span>\n                          <span><\/span>\n                        <\/div>\n                                            <\/div>\n                                            <!-- MEGAMENU -->\n                        <div class=\"megamenu\">\n                            <div class=\"container\">\n                            <div id=\"cerrarmenu\" class=\"boton-cerrar\"><i class=\"fal fa-times\"><\/i><\/div>\n                            <ul id=\"menu-principal-portugues-brasil\" class=\"dropdown-menu\" itemscope itemtype=\"http:\/\/www.schema.org\/SiteNavigationElement\"><li  id=\"menu-item-306\" class=\"menu-item menu-item-type-post_type menu-item-object-page menu-item-306 nav-item\"><a itemprop=\"url\" href=\"https:\/\/ore.fundacion-sm.org\/pt-br\/quem-somos\/\" class=\"nav-link\"><span itemprop=\"name\">Quem somos<\/span><\/a><\/li>\n<li  id=\"menu-item-307\" class=\"menu-item menu-item-type-post_type menu-item-object-page menu-item-307 nav-item\"><a itemprop=\"url\" href=\"https:\/\/ore.fundacion-sm.org\/pt-br\/inspiracao\/\" class=\"nav-link\"><span itemprop=\"name\">Inspira\u00e7\u00e3o<\/span><\/a><\/li>\n<li  id=\"menu-item-308\" class=\"menu-item menu-item-type-post_type menu-item-object-page menu-item-308 nav-item\"><a itemprop=\"url\" href=\"https:\/\/ore.fundacion-sm.org\/pt-br\/a-religiao-na-escola\/\" class=\"nav-link\"><span itemprop=\"name\">A religi\u00e3o na escola<\/span><\/a><\/li>\n<li  id=\"menu-item-309\" class=\"menu-item menu-item-type-taxonomy menu-item-object-category menu-item-309 nav-item\"><a itemprop=\"url\" href=\"https:\/\/ore.fundacion-sm.org\/pt-br\/noticias-pt-br\/\" class=\"nav-link\"><span itemprop=\"name\">Not\u00edcias<\/span><\/a><\/li>\n<li  id=\"menu-item-310\" class=\"menu-item menu-item-type-taxonomy menu-item-object-category menu-item-310 nav-item\"><a itemprop=\"url\" href=\"https:\/\/ore.fundacion-sm.org\/pt-br\/estudos\/\" class=\"nav-link\"><span itemprop=\"name\">Estudos<\/span><\/a><\/li>\n<li  id=\"menu-item-311\" class=\"menu-item menu-item-type-post_type menu-item-object-page menu-item-311 nav-item\"><a itemprop=\"url\" href=\"https:\/\/ore.fundacion-sm.org\/pt-br\/contato\/\" class=\"nav-link\"><span itemprop=\"name\">Contato<\/span><\/a><\/li>\n<li  id=\"menu-item-wpml-ls-17-es\" class=\"menu-item wpml-ls-slot-17 wpml-ls-item wpml-ls-item-es wpml-ls-menu-item wpml-ls-first-item wpml-ls-last-item menu-item-type-wpml_ls_menu_item menu-item-object-wpml_ls_menu_item menu-item-wpml-ls-17-es nav-item\"><a title=\"Mudar para Espa\u00f1ol\" itemprop=\"url\" href=\"https:\/\/ore.fundacion-sm.org\/\" class=\"nav-link\" aria-label=\"Mudar para Espa\u00f1ol\" role=\"menuitem\"><span itemprop=\"name\"><span class=\"wpml-ls-native\" lang=\"es\">Espa\u00f1ol<\/span><\/span><\/a><\/li>\n<\/ul>                            <\/div>\n                        <\/div>\n                                    <\/div>\n            <\/div>    \n        <\/div>\n            <\/div>\n<\/header>\t\t\t\t<\/div>\n\t\t\t\t<\/div>\n\t\t\t\t<div class=\"elementor-element elementor-element-8efa0c6 elementor-widget elementor-widget-bloque-cabecera-imagen\" data-id=\"8efa0c6\" data-element_type=\"widget\" data-widget_type=\"bloque-cabecera-imagen.default\">\n\t\t\t\t<div class=\"elementor-widget-container\">\n\t\t\t\t\t<!-- Cabecera con imagen -->\n<div class=\"ruta-de-migas\">\n    <div class=\"container\">\n            <div data-aos=\"fade-right\" data-aos-duration=\"700\"><ol class=\"breadcrumb\"><li><a href=\"https:\/\/ore.fundacion-sm.org\/pt-br\/\">In\u00edcio<\/a><\/li><\/ol><\/div>        <\/div>\n<\/div>\n<section data-aos=\"fade-up\" data-aos-duration=\"700\" class=\"bloque bloque-encabezado-pagina \">\n    <div class=\"background\">\n        <div class=\"imagen imagen-izquierda\"><img decoding=\"async\" src=\"https:\/\/ore.fundacion-sm.org\/wp-content\/uploads\/sites\/2\/2023\/06\/encabezado-religion-escuela-2.png\" class=\"img-fluid\" alt=\"A religi\u00e3o na escola\"><div class=\"gradient\"><\/div><\/div>\n        <div class=\"datos\">\n            <div class=\"datos-content\">\n                <div class=\"container\">\n                    <h1 class=\"titulos\">A religi\u00e3o na escola<\/h1>                    <div class=\"subtitulos\"><p>Acreditamos que nesta nobre tarefa da educa\u00e7\u00e3o, os saberes religiosos podem contribuir para a constru\u00e7\u00e3o de sociedades inclusivas e sustent\u00e1veis.<\/p><\/div>\n                                                        <\/div>\n            <\/div>\n        <\/div>\n    <\/div>\n<\/section>\t\t\t\t<\/div>\n\t\t\t\t<\/div>\n\t\t\t\t<div class=\"elementor-element elementor-element-1baccbb elementor-widget elementor-widget-bloque-testimonios\" data-id=\"1baccbb\" data-element_type=\"widget\" data-widget_type=\"bloque-testimonios.default\">\n\t\t\t\t<div class=\"elementor-widget-container\">\n\t\t\t\t\t<!-- bloque listado -->\n<section class=\"bloque bloque-testimonios  \">\n    <div class=\"container\">\n        \n        <div class=\"estrecho\">\n                            <ul class=\"list-group list-group-horizontal row\">\n                                            <li class=\"list-group-item col-12 col-md-6\" data-aos=\"fade-up\" data-aos-delay=\"100\" data-aos-duration=\"700\">\n                            <div class=\"datos d-flex align-items-center\">\n                                                                <div class=\"imagen\" data-aos=\"fade\" data-aos-delay=\"200\" data-aos-duration=\"700\"><img decoding=\"async\" src=\"https:\/\/ore.fundacion-sm.org\/wp-content\/uploads\/sites\/2\/2023\/06\/unesco.jpg\" class=\"img-fluid\" alt=\"UNESCO\"><\/div>\n                                                                <div class=\"datos-content\">\n                                    <h3 class=\"subtitulos\">UNESCO<\/h3>\n                                                                            <p class=\"cargo\">Relat\u00f3rio Delors, 1996.<\/p>\n                                                                    <\/div>\n                            <\/div>\n                            <div class=\"the_content\">\n                                <svg xmlns=\"http:\/\/www.w3.org\/2000\/svg\" class=\"icon icon1\" viewBox=\"0 0 91.57 74.44\"><title>Recurso 1<\/title><g id=\"Capa_2\" data-name=\"Capa 2\"><g id=\"Capa_1-2\" data-name=\"Capa 1\"><path d=\"M5,65q-5-8-5-19.5A48.46,48.46,0,0,1,7.53,18.9Q15.06,7.09,30.43,0l2.65,5.32a40,40,0,0,0-15.8,12.11q-6.65,8.27-6.65,16.84a19.64,19.64,0,0,0,.89,6.2,16.82,16.82,0,0,1,10.93-3.84A18.85,18.85,0,0,1,35.89,41.8Q41.35,47,41.36,55.53A18.66,18.66,0,0,1,22.45,74.44Q10.93,74.44,5,65Zm50.22,0q-5-8-5-19.5A48.46,48.46,0,0,1,57.75,18.9Q65.28,7.09,80.64,0L83.3,5.32A40,40,0,0,0,67.5,17.43q-6.64,8.27-6.65,16.84a19.64,19.64,0,0,0,.89,6.2,16.82,16.82,0,0,1,10.93-3.84A18.87,18.87,0,0,1,86.11,41.8Q91.57,47,91.57,55.53a18.65,18.65,0,0,1-18.9,18.91Q61.15,74.44,55.24,65Z\"\/><\/g><\/g><\/svg>\n                                <p>Que tarefa nobre da educa\u00e7\u00e3o a de despertar em cada pessoa, de acordo com suas tradi\u00e7\u00f5es e cren\u00e7as e com total respeito pelo pluralismo, essa eleva\u00e7\u00e3o do pensamento e do esp\u00edrito para o universal e para uma certa autossupera\u00e7\u00e3o! A sobreviv\u00eancia da humanidade \u2013diz a Comiss\u00e3o de forma ponderada\u2013 depende disso.<\/p>                                <svg version=\"1.1\" class=\"icon icon2\" xmlns=\"http:\/\/www.w3.org\/2000\/svg\" xmlns:xlink=\"http:\/\/www.w3.org\/1999\/xlink\" x=\"0px\" y=\"0px\" viewBox=\"0 0 91.6 74.4\" style=\"enable-background:new 0 0 91.6 74.4;\" xml:space=\"preserve\"><g><g id=\"Capa_1-2\"><path d=\"M86.6,9.4c3.3,5.3,5,11.8,5,19.5c0.1,9.4-2.5,18.7-7.5,26.6c-5,7.9-12.7,14.2-22.9,18.9l-2.7-5.3c6.2-2.6,11.6-6.8,15.8-12.1c4.4-5.5,6.6-11.1,6.6-16.8c0-2.1-0.3-4.2-0.9-6.2c-3.1,2.5-6.9,3.9-10.9,3.8c-5,0.1-9.8-1.7-13.4-5.2c-3.6-3.5-5.5-8-5.5-13.7C50.1,8.6,58.3,0.1,68.6,0c0.2,0,0.3,0,0.5,0C76.8,0,82.6,3.1,86.6,9.4z M36.3,9.4c3.3,5.3,5,11.8,5,19.5c0.1,9.4-2.5,18.7-7.5,26.6c-5,7.9-12.7,14.2-22.9,18.9l-2.7-5.3c6.2-2.6,11.6-6.8,15.8-12.1c4.4-5.5,6.6-11.1,6.7-16.8c0-2.1-0.3-4.2-0.9-6.2c-3.1,2.5-6.9,3.9-10.9,3.8c-5,0.1-9.8-1.7-13.4-5.2C1.8,29.2,0,24.6,0,18.9C-0.1,8.6,8.1,0.1,18.4,0c0.2,0,0.3,0,0.5,0C26.6,0,32.4,3.1,36.3,9.4L36.3,9.4z\"\/><\/g><\/g><\/svg>\n                            <\/div>\n                        <\/li>\n                                            <li class=\"list-group-item col-12 col-md-6\" data-aos=\"fade-up\" data-aos-delay=\"200\" data-aos-duration=\"700\">\n                            <div class=\"datos d-flex align-items-center\">\n                                                                <div class=\"imagen\" data-aos=\"fade\" data-aos-delay=\"300\" data-aos-duration=\"700\"><img decoding=\"async\" src=\"https:\/\/ore.fundacion-sm.org\/wp-content\/uploads\/sites\/2\/2023\/06\/ortega.jpg\" class=\"img-fluid\" alt=\"Fotograf\u00eda de Jos\u00e9 Ortega y Gasset\"><\/div>\n                                                                <div class=\"datos-content\">\n                                    <h3 class=\"subtitulos\">Jos\u00e9 Ortega y Gasset<\/h3>\n                                                                            <p class=\"cargo\">Ideias e cren\u00e7as, 1940.<\/p>\n                                                                    <\/div>\n                            <\/div>\n                            <div class=\"the_content\">\n                                <svg xmlns=\"http:\/\/www.w3.org\/2000\/svg\" class=\"icon icon1\" viewBox=\"0 0 91.57 74.44\"><title>Recurso 1<\/title><g id=\"Capa_2\" data-name=\"Capa 2\"><g id=\"Capa_1-2\" data-name=\"Capa 1\"><path d=\"M5,65q-5-8-5-19.5A48.46,48.46,0,0,1,7.53,18.9Q15.06,7.09,30.43,0l2.65,5.32a40,40,0,0,0-15.8,12.11q-6.65,8.27-6.65,16.84a19.64,19.64,0,0,0,.89,6.2,16.82,16.82,0,0,1,10.93-3.84A18.85,18.85,0,0,1,35.89,41.8Q41.35,47,41.36,55.53A18.66,18.66,0,0,1,22.45,74.44Q10.93,74.44,5,65Zm50.22,0q-5-8-5-19.5A48.46,48.46,0,0,1,57.75,18.9Q65.28,7.09,80.64,0L83.3,5.32A40,40,0,0,0,67.5,17.43q-6.64,8.27-6.65,16.84a19.64,19.64,0,0,0,.89,6.2,16.82,16.82,0,0,1,10.93-3.84A18.87,18.87,0,0,1,86.11,41.8Q91.57,47,91.57,55.53a18.65,18.65,0,0,1-18.9,18.91Q61.15,74.44,55.24,65Z\"\/><\/g><\/g><\/svg>\n                                <p>O ser humano, no fundo, \u00e9 cr\u00e9dulo ou, em outras palavras, o estrato mais profundo de nossa vida, aquele que mant\u00e9m e carrega todos os outros, \u00e9 feito de cren\u00e7as. Essas s\u00e3o, portanto, as bases s\u00f3lidas sobre as quais trabalhamos.<\/p>                                <svg version=\"1.1\" class=\"icon icon2\" xmlns=\"http:\/\/www.w3.org\/2000\/svg\" xmlns:xlink=\"http:\/\/www.w3.org\/1999\/xlink\" x=\"0px\" y=\"0px\" viewBox=\"0 0 91.6 74.4\" style=\"enable-background:new 0 0 91.6 74.4;\" xml:space=\"preserve\"><g><g id=\"Capa_1-2\"><path d=\"M86.6,9.4c3.3,5.3,5,11.8,5,19.5c0.1,9.4-2.5,18.7-7.5,26.6c-5,7.9-12.7,14.2-22.9,18.9l-2.7-5.3c6.2-2.6,11.6-6.8,15.8-12.1c4.4-5.5,6.6-11.1,6.6-16.8c0-2.1-0.3-4.2-0.9-6.2c-3.1,2.5-6.9,3.9-10.9,3.8c-5,0.1-9.8-1.7-13.4-5.2c-3.6-3.5-5.5-8-5.5-13.7C50.1,8.6,58.3,0.1,68.6,0c0.2,0,0.3,0,0.5,0C76.8,0,82.6,3.1,86.6,9.4z M36.3,9.4c3.3,5.3,5,11.8,5,19.5c0.1,9.4-2.5,18.7-7.5,26.6c-5,7.9-12.7,14.2-22.9,18.9l-2.7-5.3c6.2-2.6,11.6-6.8,15.8-12.1c4.4-5.5,6.6-11.1,6.7-16.8c0-2.1-0.3-4.2-0.9-6.2c-3.1,2.5-6.9,3.9-10.9,3.8c-5,0.1-9.8-1.7-13.4-5.2C1.8,29.2,0,24.6,0,18.9C-0.1,8.6,8.1,0.1,18.4,0c0.2,0,0.3,0,0.5,0C26.6,0,32.4,3.1,36.3,9.4L36.3,9.4z\"\/><\/g><\/g><\/svg>\n                            <\/div>\n                        <\/li>\n                                    <\/ul>\n                    <\/div>\n    <\/div>\n<\/section>\t\t\t\t<\/div>\n\t\t\t\t<\/div>\n\t\t\t\t<div class=\"elementor-element elementor-element-54c7d57 elementor-widget elementor-widget-bloque-texto\" data-id=\"54c7d57\" data-element_type=\"widget\" data-widget_type=\"bloque-texto.default\">\n\t\t\t\t<div class=\"elementor-widget-container\">\n\t\t\t\t\t<!-- Texto a 2 columnas-->\n<section class=\"bloque bloque-texto  \">\n    <div class=\"container\">\n                <div class=\"estrecho2\">\n            <div class=\"row\">\n                <div class=\"col-sm-12\">\n                    <div class=\"the_content\" data-aos=\"fade-up\" data-aos-duration=\"700\">\n                        <p>Acreditamos que nesta nobre tarefa da educa\u00e7\u00e3o, os saberes religiosos podem contribuir, com pleno respeito \u00e0 liberdade pessoal e \u00e0 diversidade social, propondo ideias e cren\u00e7as, valores e convic\u00e7\u00f5es, acompanhando a constru\u00e7\u00e3o de identidades pessoais, para que os estudantes tenham a capacidade de moldar seus pr\u00f3prios projetos vitais com pleno significado e compet\u00eancia cidad\u00e3 para construir sociedades inclusivas e sustent\u00e1veis.<\/p>\n<p>Se voc\u00ea quiser se aprofundar na identidade e na natureza do Ensino Religioso na escola, sugerimos a leitura de alguns textos que podem fornecer uma vis\u00e3o geral esclarecedora da Pedagogia da Religi\u00e3o.<\/p>\n<ul>\n<li><a href=\"https:\/\/www.cdlmadrid.org\/wp-content\/uploads\/2016\/02\/1.comprender-religion-en-la-escuela.pdf\" target=\"_blank\" rel=\"noopener\">Um novo conceito de aula de Ensino Religioso na democracia<\/a><\/li>\n<li><a href=\"https:\/\/www.vidanuevadigital.com\/pliego\/del-catecismo-al-curriculo\/\" target=\"_blank\" rel=\"noopener\">Do catecismo \u00e0 grade curricular<\/a><\/li>\n<li><a href=\"https:\/\/www.cdlmadrid.org\/wp-content\/uploads\/2016\/02\/4.religion-en-democracia.pdf\" target=\"_blank\" rel=\"noopener\">O Ensino Religioso na democracia, uma hist\u00f3ria pouco conhecida<\/a><\/li>\n<li><a href=\"https:\/\/www.religionyescuela.com\/actualidad\/noticias\/la-ere-en-la-lomloe-2\/\" target=\"_blank\" rel=\"noopener\">O Ensino Religioso na Lei Org\u00e2nica de Educa\u00e7\u00e3o (LOMLOE) da Espanha<\/a><\/li>\n<li><a href=\"https:\/\/dialnet.unirioja.es\/servlet\/articulo?codigo=3421644\" target=\"_blank\" rel=\"noopener\">Cinquenta anos de Ensino Religioso na Espanha<br \/><\/a><\/li>\n<\/ul>\n                    <\/div>\n                <\/div>\n            <\/div>\n        <\/div>\n    <\/div>\n<\/section>\t\t\t\t<\/div>\n\t\t\t\t<\/div>\n\t\t\t\t<div class=\"elementor-element elementor-element-525a397 elementor-widget elementor-widget-bloque-texto\" data-id=\"525a397\" data-element_type=\"widget\" data-widget_type=\"bloque-texto.default\">\n\t\t\t\t<div class=\"elementor-widget-container\">\n\t\t\t\t\t<!-- Texto a 2 columnas-->\n<section class=\"bloque bloque-texto  \">\n    <div class=\"container\">\n        <h2 class=\"titulos\" data-aos=\"fade-left\" data-aos-duration=\"700\">Leitura complementar<\/h2>        <div class=\"estrecho2\">\n            <div class=\"row\">\n                <div class=\"col-sm-12\">\n                    <div class=\"the_content\" data-aos=\"fade-up\" data-aos-duration=\"700\">\n                        <p>Se quiser conhecer a presen\u00e7a das v\u00e1rias religi\u00f5es na escola, sugerimos a leitura de alguns textos de Carlos Esteban Garc\u00e9s que descrevem esta situa\u00e7\u00e3o:<\/p>\n<ul>\n<li><a href=\"https:\/\/www.vidanuevadigital.com\/pliego\/religiones-la-escuela-25-anos-pluralidad\/\" target=\"_blank\" rel=\"noopener\">25 anos de pluralidade religiosa na escola<\/a><\/li>\n<li><a href=\"https:\/\/ciec.edu.co\/cooperacion-entre-confesiones-una-realidad-en-la-ere\/\" target=\"_blank\" rel=\"noopener\">Cooperaci\u00f3n entre religi\u00f5es, uma nova realidade no ERE<\/a><\/li>\n<li><a href=\"https:\/\/dialnet.unirioja.es\/servlet\/articulo?codigo=3343863\" target=\"_blank\" rel=\"noopener\">Ensino de religi\u00f5es e ecumenismo: algo novo est\u00e1 surgindo, n\u00e3o percebe?<\/a><\/li>\n<\/ul>\n                    <\/div>\n                <\/div>\n            <\/div>\n        <\/div>\n    <\/div>\n<\/section>\t\t\t\t<\/div>\n\t\t\t\t<\/div>\n\t\t\t\t<div class=\"elementor-element elementor-element-f972d04 elementor-widget elementor-widget-bloque-2-imagenes\" data-id=\"f972d04\" data-element_type=\"widget\" data-widget_type=\"bloque-2-imagenes.default\">\n\t\t\t\t<div class=\"elementor-widget-container\">\n\t\t\t\t\t<!-- Bloque contenidos: 2 fotos \/ big + small -->\n<section class=\"bloque bloque-2-fotos-big-small \">\n    <div class=\"container\">\n        <h2 class=\"titulos\" data-aos=\"fade-left\" data-aos-duration=\"700\">A religi\u00e3o na escola na Europa e na Am\u00e9rica Latina<\/h2>                <div class=\"row\">\n            <div class=\"col-12 col-sm-6 d-flex\">\n                <figure class=\"image1\">\n                    <div class=\"image\" data-aos=\"fade-in\" data-aos-delay=\"800\" data-aos-duration=\"1200\">\n                                                <a href=\"https:\/\/redgesm.sharepoint.com\/:b:\/s\/WebsFundacinSM\/Ee-jshmjzLlBog3VrSZcycABGYscQnaJui0QWEX5aTCTfQ?e=BUWPMV\"  target=\"_blank\">\n                                                <img decoding=\"async\" src=\"https:\/\/ore.fundacion-sm.org\/wp-content\/uploads\/sites\/2\/2023\/06\/mapa1.jpg\" class=\"figure-img img-fluid\" alt=\"La clase de Religi\u00f3n en Europa. Carlos Esteban Garc\u00e9s (PDF)\">\n                                                <\/a>\n                         \n                    <\/div>\n                                        <figcaption class=\"figure-caption\" data-aos=\"fade\" data-aos-delay=\"1400\" data-aos-duration=\"700\">A aula de Ensino Religioso na Europa. Carlos Esteban Garc\u00e9s (PDF)<\/figcaption>\n                                    <\/figure>\n            <\/div>\n            <div class=\"col-12 col-sm-6 d-flex\">\n                <figure class=\"image2\">\n                    <div class=\"image\" data-aos=\"fade-in\" data-aos-delay=\"800\" data-aos-duration=\"1200\">\n                                                <a href=\"https:\/\/redgesm.sharepoint.com\/:b:\/s\/WebsFundacinSM\/EVdon7nrhRhLn5kwEmZ3aU0BbR1mqQm-6OuSV6Rd-1mvWQ?e=20O5VU\"  target=\"_blank\">\n                                                <img decoding=\"async\" src=\"https:\/\/ore.fundacion-sm.org\/wp-content\/uploads\/sites\/2\/2023\/06\/mapa2.jpg\" class=\"figure-img img-fluid\" alt=\"La educaci\u00f3n religiosa escolar (ERE) en Am\u00e9rica Latina. Rodrigo Mart\u00ednez (PDF)\">\n                                                <\/a>\n                         \n                    <\/div>\n                                        <figcaption class=\"figure-caption\" data-aos=\"fade\" data-aos-delay=\"1400\" data-aos-duration=\"700\">Ensino Religioso na Escola (ERE) na Am\u00e9rica Latina. Rodrigo Martinez (PDF)<\/figcaption>\n                                    <\/figure>\n            <\/div>\n        <\/div>\n    <\/div>\n<\/section>\t\t\t\t<\/div>\n\t\t\t\t<\/div>\n\t\t\t\t<div class=\"elementor-element elementor-element-72c76d1 elementor-widget elementor-widget-bloque-paginas-relacionadas\" data-id=\"72c76d1\" data-element_type=\"widget\" data-widget_type=\"bloque-paginas-relacionadas.default\">\n\t\t\t\t<div class=\"elementor-widget-container\">\n\t\t\t\t\t<!-- Relacionados: P\u00e1ginas relacionadas  -->\n<section class=\"bloque relacionados relacionados-paginas \">\n    <div class=\"container\">\n                <div class=\"estrecho\">\n            <div class=\"row\">\n                                        <div class=\"col-12 col-sm-6 d-flex align-items-stretch\" data-aos=\"fade-up\" data-aos-duration=\"700\">\n                            <a href=\"https:\/\/ore.fundacion-sm.org\/pt-br\/quem-somos\/\" class=\"pagina white\" title=\"Quem somos\" style=\"background-color:#23b286\">\n                                <div class=\"image\">\n                                    <img decoding=\"async\" width=\"800\" height=\"540\" src=\"https:\/\/ore.fundacion-sm.org\/wp-content\/uploads\/sites\/2\/2023\/06\/destacada-relacionadas-conocenos.png\" class=\"img-fluid wp-post-image\" alt=\"\" srcset=\"https:\/\/ore.fundacion-sm.org\/wp-content\/uploads\/sites\/2\/2023\/06\/destacada-relacionadas-conocenos.png 800w, https:\/\/ore.fundacion-sm.org\/wp-content\/uploads\/sites\/2\/2023\/06\/destacada-relacionadas-conocenos-300x203.png 300w, https:\/\/ore.fundacion-sm.org\/wp-content\/uploads\/sites\/2\/2023\/06\/destacada-relacionadas-conocenos-768x518.png 768w\" sizes=\"(max-width: 800px) 100vw, 800px\" \/>                                <\/div>\n                                <div class=\"datos\">\n                                    <h3 class=\"subtitulos\">Quem somos<\/h3>\n                                    <div class=\"texto\"><p>O objetivo do ORE \u00e9 ser refer\u00eancia no ensino das religi\u00f5es nos sistemas educacionais, fornecendo an\u00e1lises e pesquisas voltadas para a comunidade educacional .<\/p>\n<\/div>\n                                    <div class=\"mas\">Mais informa\u00e7\u00f5es <svg version=\"1.1\" id=\"longArrow\" xmlns=\"http:\/\/www.w3.org\/2000\/svg\" xmlns:xlink=\"http:\/\/www.w3.org\/1999\/xlink\" x=\"0px\" y=\"0px\" viewBox=\"0 0 56.9 19.2\" style=\"enable-background:new 0 0 56.9 19.2;\" xml:space=\"preserve\"><polygon points=\"47.3,0 45.2,2.1 51.1,8.1 0,8.1 0,11.1 51.1,11.1 45.2,17.1 47.3,19.2 56.9,9.6 \"><\/polygon><\/svg><\/div>\n                                <\/div>\n                            <\/a>\n                        <\/div>\n                                              <div class=\"col-12 col-sm-6 d-flex align-items-stretch\" data-aos=\"fade-up\" data-aos-duration=\"700\">\n                            <a href=\"https:\/\/ore.fundacion-sm.org\/pt-br\/inspiracao\/\" class=\"pagina black\" title=\"Inspira\u00e7\u00e3o\" style=\"background-color:#ffd72a\">\n                                <div class=\"image\">\n                                    <img decoding=\"async\" width=\"800\" height=\"540\" src=\"https:\/\/ore.fundacion-sm.org\/wp-content\/uploads\/sites\/2\/2023\/06\/inspiracion.jpg\" class=\"img-fluid wp-post-image\" alt=\"\" srcset=\"https:\/\/ore.fundacion-sm.org\/wp-content\/uploads\/sites\/2\/2023\/06\/inspiracion.jpg 800w, https:\/\/ore.fundacion-sm.org\/wp-content\/uploads\/sites\/2\/2023\/06\/inspiracion-300x203.jpg 300w, https:\/\/ore.fundacion-sm.org\/wp-content\/uploads\/sites\/2\/2023\/06\/inspiracion-768x518.jpg 768w\" sizes=\"(max-width: 800px) 100vw, 800px\" \/>                                <\/div>\n                                <div class=\"datos\">\n                                    <h3 class=\"subtitulos\">Inspira\u00e7\u00e3o<\/h3>\n                                    <div class=\"texto\"><p>O ORE \u00e9 inspirado por iniciativas universais que nutrem e fundamentam nosso compromisso de ensinar religi\u00f5es a servi\u00e7o da melhoria da educa\u00e7\u00e3o e, portanto, das pessoas e sociedades.<\/p>\n<\/div>\n                                    <div class=\"mas\">Mais informa\u00e7\u00f5es <svg version=\"1.1\" id=\"longArrow\" xmlns=\"http:\/\/www.w3.org\/2000\/svg\" xmlns:xlink=\"http:\/\/www.w3.org\/1999\/xlink\" x=\"0px\" y=\"0px\" viewBox=\"0 0 56.9 19.2\" style=\"enable-background:new 0 0 56.9 19.2;\" xml:space=\"preserve\"><polygon points=\"47.3,0 45.2,2.1 51.1,8.1 0,8.1 0,11.1 51.1,11.1 45.2,17.1 47.3,19.2 56.9,9.6 \"><\/polygon><\/svg><\/div>\n                                <\/div>\n                            <\/a>\n                        <\/div>\n                                  <\/div>\n        <\/div>\n    <\/div>\n<\/section>\t\t\t\t<\/div>\n\t\t\t\t<\/div>\n\t\t\t\t\t<\/div>\n\t\t<\/div>\n\t\t\t\t\t<\/div>\n\t\t<\/section>\n\t\t\t\t<\/div>\n\t\t","protected":false},"excerpt":{"rendered":"<p>Quem somos Inspira\u00e7\u00e3o A religi\u00e3o na escola Not\u00edcias Estudos Contato Inicio A religi\u00e3o na escola Acreditamos que nesta nobre tarefa da educa\u00e7\u00e3o, os saberes religiosos podem contribuir para a constru\u00e7\u00e3o de sociedades inclusivas e sustent\u00e1veis. UNESCO Relat\u00f3rio Delors, 1996. Recurso 1 Que tarefa nobre da educa\u00e7\u00e3o a de despertar em cada pessoa, de acordo com [&hellip;]<\/p>\n","protected":false},"author":1,"featured_media":185,"parent":0,"menu_order":3,"comment_status":"closed","ping_status":"closed","template":"","meta":{"_acf_changed":false,"footnotes":""},"class_list":["post-304","page","type-page","status-publish","has-post-thumbnail","hentry"],"acf":[],"yoast_head":"<!-- This site is optimized with the Yoast SEO plugin v26.7 - https:\/\/yoast.com\/wordpress\/plugins\/seo\/ -->\n<title>A religi\u00e3o na escola - Observat\u00f3rio da Religi\u00e3o na Escola (ORE)<\/title>\n<meta name=\"description\" content=\"No ORE, acreditamos que nesta nobre tarefa da educa\u00e7\u00e3o, a Religi\u00e3o na Escola pode contribuir para a constru\u00e7\u00e3o de sociedades inclusivas e sustent\u00e1veis.\" \/>\n<meta name=\"robots\" content=\"index, follow, max-snippet:-1, max-image-preview:large, max-video-preview:-1\" \/>\n<link rel=\"canonical\" href=\"https:\/\/ore.fundacion-sm.org\/pt-br\/a-religiao-na-escola\/\" \/>\n<meta property=\"og:locale\" content=\"pt_BR\" \/>\n<meta property=\"og:type\" content=\"article\" \/>\n<meta property=\"og:title\" content=\"A religi\u00e3o na escola - Observat\u00f3rio da Religi\u00e3o na Escola (ORE)\" \/>\n<meta property=\"og:description\" content=\"No ORE, acreditamos que nesta nobre tarefa da educa\u00e7\u00e3o, a Religi\u00e3o na Escola pode contribuir para a constru\u00e7\u00e3o de sociedades inclusivas e sustent\u00e1veis.\" \/>\n<meta property=\"og:url\" content=\"https:\/\/ore.fundacion-sm.org\/pt-br\/a-religiao-na-escola\/\" \/>\n<meta property=\"og:site_name\" content=\"Observat\u00f3rio da Religi\u00e3o na Escola (ORE)\" \/>\n<meta property=\"article:modified_time\" content=\"2025-02-25T14:33:48+00:00\" \/>\n<meta property=\"og:image\" content=\"https:\/\/ore.fundacion-sm.org\/wp-content\/uploads\/sites\/2\/2023\/06\/religion.jpg\" \/>\n\t<meta property=\"og:image:width\" content=\"800\" \/>\n\t<meta property=\"og:image:height\" content=\"540\" \/>\n\t<meta property=\"og:image:type\" content=\"image\/jpeg\" \/>\n<meta name=\"twitter:card\" content=\"summary_large_image\" \/>\n<script type=\"application\/ld+json\" class=\"yoast-schema-graph\">{\"@context\":\"https:\/\/schema.org\",\"@graph\":[{\"@type\":\"WebPage\",\"@id\":\"https:\/\/ore.fundacion-sm.org\/pt-br\/a-religiao-na-escola\/\",\"url\":\"https:\/\/ore.fundacion-sm.org\/pt-br\/a-religiao-na-escola\/\",\"name\":\"A religi\u00e3o na escola - Observat\u00f3rio da Religi\u00e3o na Escola (ORE)\",\"isPartOf\":{\"@id\":\"https:\/\/ore.fundacion-sm.org\/pt-br\/#website\"},\"primaryImageOfPage\":{\"@id\":\"https:\/\/ore.fundacion-sm.org\/pt-br\/a-religiao-na-escola\/#primaryimage\"},\"image\":{\"@id\":\"https:\/\/ore.fundacion-sm.org\/pt-br\/a-religiao-na-escola\/#primaryimage\"},\"thumbnailUrl\":\"https:\/\/ore.fundacion-sm.org\/wp-content\/uploads\/sites\/2\/2023\/06\/religion.jpg\",\"datePublished\":\"2023-06-14T11:23:35+00:00\",\"dateModified\":\"2025-02-25T14:33:48+00:00\",\"description\":\"No ORE, acreditamos que nesta nobre tarefa da educa\u00e7\u00e3o, a Religi\u00e3o na Escola pode contribuir para a constru\u00e7\u00e3o de sociedades inclusivas e sustent\u00e1veis.\",\"breadcrumb\":{\"@id\":\"https:\/\/ore.fundacion-sm.org\/pt-br\/a-religiao-na-escola\/#breadcrumb\"},\"inLanguage\":\"pt-BR\",\"potentialAction\":[{\"@type\":\"ReadAction\",\"target\":[\"https:\/\/ore.fundacion-sm.org\/pt-br\/a-religiao-na-escola\/\"]}]},{\"@type\":\"ImageObject\",\"inLanguage\":\"pt-BR\",\"@id\":\"https:\/\/ore.fundacion-sm.org\/pt-br\/a-religiao-na-escola\/#primaryimage\",\"url\":\"https:\/\/ore.fundacion-sm.org\/wp-content\/uploads\/sites\/2\/2023\/06\/religion.jpg\",\"contentUrl\":\"https:\/\/ore.fundacion-sm.org\/wp-content\/uploads\/sites\/2\/2023\/06\/religion.jpg\",\"width\":800,\"height\":540},{\"@type\":\"BreadcrumbList\",\"@id\":\"https:\/\/ore.fundacion-sm.org\/pt-br\/a-religiao-na-escola\/#breadcrumb\",\"itemListElement\":[{\"@type\":\"ListItem\",\"position\":1,\"name\":\"In\u00edcio\",\"item\":\"https:\/\/ore.fundacion-sm.org\/pt-br\/\"},{\"@type\":\"ListItem\",\"position\":2,\"name\":\"A religi\u00e3o na escola\"}]},{\"@type\":\"WebSite\",\"@id\":\"https:\/\/ore.fundacion-sm.org\/pt-br\/#website\",\"url\":\"https:\/\/ore.fundacion-sm.org\/pt-br\/\",\"name\":\"Observat\u00f3rio da Religi\u00e3o na Escola (ORE)\",\"description\":\"Fundaci\u00f3n SM\",\"publisher\":{\"@id\":\"https:\/\/ore.fundacion-sm.org\/pt-br\/#organization\"},\"alternateName\":\"ORE\",\"potentialAction\":[{\"@type\":\"SearchAction\",\"target\":{\"@type\":\"EntryPoint\",\"urlTemplate\":\"https:\/\/ore.fundacion-sm.org\/pt-br\/?s={search_term_string}\"},\"query-input\":{\"@type\":\"PropertyValueSpecification\",\"valueRequired\":true,\"valueName\":\"search_term_string\"}}],\"inLanguage\":\"pt-BR\"},{\"@type\":\"Organization\",\"@id\":\"https:\/\/ore.fundacion-sm.org\/pt-br\/#organization\",\"name\":\"Fundaci\u00f3n SM\",\"url\":\"https:\/\/ore.fundacion-sm.org\/pt-br\/\",\"logo\":{\"@type\":\"ImageObject\",\"inLanguage\":\"pt-BR\",\"@id\":\"https:\/\/ore.fundacion-sm.org\/pt-br\/#\/schema\/logo\/image\/\",\"url\":\"https:\/\/ore.fundacion-sm.org\/wp-content\/uploads\/sites\/2\/2023\/10\/logotipo-fundacion-sm.png\",\"contentUrl\":\"https:\/\/ore.fundacion-sm.org\/wp-content\/uploads\/sites\/2\/2023\/10\/logotipo-fundacion-sm.png\",\"width\":447,\"height\":85,\"caption\":\"Fundaci\u00f3n SM\"},\"image\":{\"@id\":\"https:\/\/ore.fundacion-sm.org\/pt-br\/#\/schema\/logo\/image\/\"}}]}<\/script>\n<!-- \/ Yoast SEO plugin. -->","yoast_head_json":{"title":"A religi\u00e3o na escola - Observat\u00f3rio da Religi\u00e3o na Escola (ORE)","description":"No ORE, acreditamos que nesta nobre tarefa da educa\u00e7\u00e3o, a Religi\u00e3o na Escola pode contribuir para a constru\u00e7\u00e3o de sociedades inclusivas e sustent\u00e1veis.","robots":{"index":"index","follow":"follow","max-snippet":"max-snippet:-1","max-image-preview":"max-image-preview:large","max-video-preview":"max-video-preview:-1"},"canonical":"https:\/\/ore.fundacion-sm.org\/pt-br\/a-religiao-na-escola\/","og_locale":"pt_BR","og_type":"article","og_title":"A religi\u00e3o na escola - Observat\u00f3rio da Religi\u00e3o na Escola (ORE)","og_description":"No ORE, acreditamos que nesta nobre tarefa da educa\u00e7\u00e3o, a Religi\u00e3o na Escola pode contribuir para a constru\u00e7\u00e3o de sociedades inclusivas e sustent\u00e1veis.","og_url":"https:\/\/ore.fundacion-sm.org\/pt-br\/a-religiao-na-escola\/","og_site_name":"Observat\u00f3rio da Religi\u00e3o na Escola (ORE)","article_modified_time":"2025-02-25T14:33:48+00:00","og_image":[{"width":800,"height":540,"url":"https:\/\/ore.fundacion-sm.org\/wp-content\/uploads\/sites\/2\/2023\/06\/religion.jpg","type":"image\/jpeg"}],"twitter_card":"summary_large_image","schema":{"@context":"https:\/\/schema.org","@graph":[{"@type":"WebPage","@id":"https:\/\/ore.fundacion-sm.org\/pt-br\/a-religiao-na-escola\/","url":"https:\/\/ore.fundacion-sm.org\/pt-br\/a-religiao-na-escola\/","name":"A religi\u00e3o na escola - Observat\u00f3rio da Religi\u00e3o na Escola (ORE)","isPartOf":{"@id":"https:\/\/ore.fundacion-sm.org\/pt-br\/#website"},"primaryImageOfPage":{"@id":"https:\/\/ore.fundacion-sm.org\/pt-br\/a-religiao-na-escola\/#primaryimage"},"image":{"@id":"https:\/\/ore.fundacion-sm.org\/pt-br\/a-religiao-na-escola\/#primaryimage"},"thumbnailUrl":"https:\/\/ore.fundacion-sm.org\/wp-content\/uploads\/sites\/2\/2023\/06\/religion.jpg","datePublished":"2023-06-14T11:23:35+00:00","dateModified":"2025-02-25T14:33:48+00:00","description":"No ORE, acreditamos que nesta nobre tarefa da educa\u00e7\u00e3o, a Religi\u00e3o na Escola pode contribuir para a constru\u00e7\u00e3o de sociedades inclusivas e sustent\u00e1veis.","breadcrumb":{"@id":"https:\/\/ore.fundacion-sm.org\/pt-br\/a-religiao-na-escola\/#breadcrumb"},"inLanguage":"pt-BR","potentialAction":[{"@type":"ReadAction","target":["https:\/\/ore.fundacion-sm.org\/pt-br\/a-religiao-na-escola\/"]}]},{"@type":"ImageObject","inLanguage":"pt-BR","@id":"https:\/\/ore.fundacion-sm.org\/pt-br\/a-religiao-na-escola\/#primaryimage","url":"https:\/\/ore.fundacion-sm.org\/wp-content\/uploads\/sites\/2\/2023\/06\/religion.jpg","contentUrl":"https:\/\/ore.fundacion-sm.org\/wp-content\/uploads\/sites\/2\/2023\/06\/religion.jpg","width":800,"height":540},{"@type":"BreadcrumbList","@id":"https:\/\/ore.fundacion-sm.org\/pt-br\/a-religiao-na-escola\/#breadcrumb","itemListElement":[{"@type":"ListItem","position":1,"name":"In\u00edcio","item":"https:\/\/ore.fundacion-sm.org\/pt-br\/"},{"@type":"ListItem","position":2,"name":"A religi\u00e3o na escola"}]},{"@type":"WebSite","@id":"https:\/\/ore.fundacion-sm.org\/pt-br\/#website","url":"https:\/\/ore.fundacion-sm.org\/pt-br\/","name":"Observat\u00f3rio da Religi\u00e3o na Escola (ORE)","description":"Fundaci\u00f3n SM","publisher":{"@id":"https:\/\/ore.fundacion-sm.org\/pt-br\/#organization"},"alternateName":"ORE","potentialAction":[{"@type":"SearchAction","target":{"@type":"EntryPoint","urlTemplate":"https:\/\/ore.fundacion-sm.org\/pt-br\/?s={search_term_string}"},"query-input":{"@type":"PropertyValueSpecification","valueRequired":true,"valueName":"search_term_string"}}],"inLanguage":"pt-BR"},{"@type":"Organization","@id":"https:\/\/ore.fundacion-sm.org\/pt-br\/#organization","name":"Fundaci\u00f3n SM","url":"https:\/\/ore.fundacion-sm.org\/pt-br\/","logo":{"@type":"ImageObject","inLanguage":"pt-BR","@id":"https:\/\/ore.fundacion-sm.org\/pt-br\/#\/schema\/logo\/image\/","url":"https:\/\/ore.fundacion-sm.org\/wp-content\/uploads\/sites\/2\/2023\/10\/logotipo-fundacion-sm.png","contentUrl":"https:\/\/ore.fundacion-sm.org\/wp-content\/uploads\/sites\/2\/2023\/10\/logotipo-fundacion-sm.png","width":447,"height":85,"caption":"Fundaci\u00f3n SM"},"image":{"@id":"https:\/\/ore.fundacion-sm.org\/pt-br\/#\/schema\/logo\/image\/"}}]}},"_links":{"self":[{"href":"https:\/\/ore.fundacion-sm.org\/pt-br\/wp-json\/wp\/v2\/pages\/304","targetHints":{"allow":["GET"]}}],"collection":[{"href":"https:\/\/ore.fundacion-sm.org\/pt-br\/wp-json\/wp\/v2\/pages"}],"about":[{"href":"https:\/\/ore.fundacion-sm.org\/pt-br\/wp-json\/wp\/v2\/types\/page"}],"author":[{"embeddable":true,"href":"https:\/\/ore.fundacion-sm.org\/pt-br\/wp-json\/wp\/v2\/users\/1"}],"replies":[{"embeddable":true,"href":"https:\/\/ore.fundacion-sm.org\/pt-br\/wp-json\/wp\/v2\/comments?post=304"}],"version-history":[{"count":75,"href":"https:\/\/ore.fundacion-sm.org\/pt-br\/wp-json\/wp\/v2\/pages\/304\/revisions"}],"predecessor-version":[{"id":2200,"href":"https:\/\/ore.fundacion-sm.org\/pt-br\/wp-json\/wp\/v2\/pages\/304\/revisions\/2200"}],"wp:featuredmedia":[{"embeddable":true,"href":"https:\/\/ore.fundacion-sm.org\/pt-br\/wp-json\/wp\/v2\/media\/185"}],"wp:attachment":[{"href":"https:\/\/ore.fundacion-sm.org\/pt-br\/wp-json\/wp\/v2\/media?parent=304"}],"curies":[{"name":"wp","href":"https:\/\/api.w.org\/{rel}","templated":true}]}}