{"id":302,"date":"2023-06-14T11:23:04","date_gmt":"2023-06-14T11:23:04","guid":{"rendered":"https:\/\/ore.fundacion-sm.org\/conocenos\/"},"modified":"2025-02-25T14:17:53","modified_gmt":"2025-02-25T14:17:53","slug":"quem-somos","status":"publish","type":"page","link":"https:\/\/ore.fundacion-sm.org\/pt-br\/quem-somos\/","title":{"rendered":"Quem somos"},"content":{"rendered":"\t\t<div data-elementor-type=\"wp-page\" data-elementor-id=\"302\" class=\"elementor elementor-302 elementor-93\" data-elementor-post-type=\"page\">\n\t\t\t\t\t\t<section class=\"elementor-section elementor-top-section elementor-element elementor-element-3308dbc elementor-section-full_width elementor-section-height-default elementor-section-height-default\" data-id=\"3308dbc\" data-element_type=\"section\">\n\t\t\t\t\t\t<div class=\"elementor-container elementor-column-gap-default\">\n\t\t\t\t\t<div class=\"elementor-column elementor-col-100 elementor-top-column elementor-element elementor-element-3a65df8\" data-id=\"3a65df8\" data-element_type=\"column\">\n\t\t\t<div class=\"elementor-widget-wrap elementor-element-populated\">\n\t\t\t\t\t\t<div class=\"elementor-element elementor-element-357ba82 elementor-widget elementor-widget-bloque-cabecera-menu\" data-id=\"357ba82\" data-element_type=\"widget\" data-widget_type=\"bloque-cabecera-menu.default\">\n\t\t\t\t<div class=\"elementor-widget-container\">\n\t\t\t\t\t<header class=\"header normal\">\n    <div id=\"sticky_header\" class=\"no-sticky\">\n        <div class=\"container\">\n            <div class=\"row\">\n                <div class=\"col-12 d-flex justify-content-between align-items-center\">\n                    <div class=\"logo \">\n                        <a href=\"https:\/\/ore.fundacion-sm.org\/pt-br\/\" class=\"custom-logo-link\" rel=\"home\"><img fetchpriority=\"high\" decoding=\"async\" width=\"560\" height=\"112\" src=\"https:\/\/ore.fundacion-sm.org\/wp-content\/uploads\/sites\/2\/2025\/03\/logotipo-portugues.png\" class=\"custom-logo\" alt=\"Logotipo Observat\u00f3rio da Religi\u00e3o na Escola, ORE.\" srcset=\"https:\/\/ore.fundacion-sm.org\/wp-content\/uploads\/sites\/2\/2025\/03\/logotipo-portugues.png 560w, https:\/\/ore.fundacion-sm.org\/wp-content\/uploads\/sites\/2\/2025\/03\/logotipo-portugues-300x60.png 300w\" sizes=\"(max-width: 560px) 100vw, 560px\" \/><\/a>                                            <\/div>\n                    <div class=\"menu-header\">\n                        \n\n                        \n                                                <div id=\"nav-menu\" data-target=\"#main_menu\" data-toggle=\"collapse\" class=\"navbar-toggle openMenu\">\n                          <span><\/span>\n                          <span><\/span>\n                          <span><\/span>\n                          <span><\/span>\n                        <\/div>\n                                            <\/div>\n                                            <!-- MEGAMENU -->\n                        <div class=\"megamenu\">\n                            <div class=\"container\">\n                            <div id=\"cerrarmenu\" class=\"boton-cerrar\"><i class=\"fal fa-times\"><\/i><\/div>\n                            <ul id=\"menu-principal-portugues-brasil\" class=\"dropdown-menu\" itemscope itemtype=\"http:\/\/www.schema.org\/SiteNavigationElement\"><li  id=\"menu-item-306\" class=\"menu-item menu-item-type-post_type menu-item-object-page menu-item-306 nav-item\"><a itemprop=\"url\" href=\"https:\/\/ore.fundacion-sm.org\/pt-br\/quem-somos\/\" class=\"nav-link\"><span itemprop=\"name\">Quem somos<\/span><\/a><\/li>\n<li  id=\"menu-item-307\" class=\"menu-item menu-item-type-post_type menu-item-object-page menu-item-307 nav-item\"><a itemprop=\"url\" href=\"https:\/\/ore.fundacion-sm.org\/pt-br\/inspiracao\/\" class=\"nav-link\"><span itemprop=\"name\">Inspira\u00e7\u00e3o<\/span><\/a><\/li>\n<li  id=\"menu-item-308\" class=\"menu-item menu-item-type-post_type menu-item-object-page menu-item-308 nav-item\"><a itemprop=\"url\" href=\"https:\/\/ore.fundacion-sm.org\/pt-br\/a-religiao-na-escola\/\" class=\"nav-link\"><span itemprop=\"name\">A religi\u00e3o na escola<\/span><\/a><\/li>\n<li  id=\"menu-item-309\" class=\"menu-item menu-item-type-taxonomy menu-item-object-category menu-item-309 nav-item\"><a itemprop=\"url\" href=\"https:\/\/ore.fundacion-sm.org\/pt-br\/noticias-pt-br\/\" class=\"nav-link\"><span itemprop=\"name\">Not\u00edcias<\/span><\/a><\/li>\n<li  id=\"menu-item-310\" class=\"menu-item menu-item-type-taxonomy menu-item-object-category menu-item-310 nav-item\"><a itemprop=\"url\" href=\"https:\/\/ore.fundacion-sm.org\/pt-br\/estudos\/\" class=\"nav-link\"><span itemprop=\"name\">Estudos<\/span><\/a><\/li>\n<li  id=\"menu-item-311\" class=\"menu-item menu-item-type-post_type menu-item-object-page menu-item-311 nav-item\"><a itemprop=\"url\" href=\"https:\/\/ore.fundacion-sm.org\/pt-br\/contato\/\" class=\"nav-link\"><span itemprop=\"name\">Contato<\/span><\/a><\/li>\n<li  id=\"menu-item-wpml-ls-17-es\" class=\"menu-item wpml-ls-slot-17 wpml-ls-item wpml-ls-item-es wpml-ls-menu-item wpml-ls-first-item wpml-ls-last-item menu-item-type-wpml_ls_menu_item menu-item-object-wpml_ls_menu_item menu-item-wpml-ls-17-es nav-item\"><a title=\"Mudar para Espa\u00f1ol\" itemprop=\"url\" href=\"https:\/\/ore.fundacion-sm.org\/\" class=\"nav-link\" aria-label=\"Mudar para Espa\u00f1ol\" role=\"menuitem\"><span itemprop=\"name\"><span class=\"wpml-ls-native\" lang=\"es\">Espa\u00f1ol<\/span><\/span><\/a><\/li>\n<\/ul>                            <\/div>\n                        <\/div>\n                                    <\/div>\n            <\/div>    \n        <\/div>\n            <\/div>\n<\/header>\t\t\t\t<\/div>\n\t\t\t\t<\/div>\n\t\t\t\t<div class=\"elementor-element elementor-element-d7b49b6 elementor-widget elementor-widget-bloque-cabecera-imagen\" data-id=\"d7b49b6\" data-element_type=\"widget\" data-widget_type=\"bloque-cabecera-imagen.default\">\n\t\t\t\t<div class=\"elementor-widget-container\">\n\t\t\t\t\t<!-- Cabecera con imagen -->\n<div class=\"ruta-de-migas\">\n    <div class=\"container\">\n            <div data-aos=\"fade-right\" data-aos-duration=\"700\"><ol class=\"breadcrumb\"><li><a href=\"https:\/\/ore.fundacion-sm.org\/pt-br\/\">In\u00edcio<\/a><\/li><\/ol><\/div>        <\/div>\n<\/div>\n<section data-aos=\"fade-up\" data-aos-duration=\"700\" class=\"bloque bloque-encabezado-pagina \">\n    <div class=\"background\">\n        <div class=\"imagen imagen-izquierda\"><img decoding=\"async\" src=\"https:\/\/ore.fundacion-sm.org\/wp-content\/uploads\/sites\/2\/2023\/06\/encabezado-conocenos-2.png\" class=\"img-fluid\" alt=\"Quem somos\"><div class=\"gradient\"><\/div><\/div>\n        <div class=\"datos\">\n            <div class=\"datos-content\">\n                <div class=\"container\">\n                    <h1 class=\"titulos\">Quem somos<\/h1>                    <div class=\"subtitulos\"><p>Nosso objetivo \u00e9 ser refer\u00eancia no ensino das religi\u00f5es nos sistemas educacionais, proporcionando an\u00e1lises e pesquisas voltadas para a comunidade educacional e a sociedade.<\/p><\/div>\n                                                        <\/div>\n            <\/div>\n        <\/div>\n    <\/div>\n<\/section>\t\t\t\t<\/div>\n\t\t\t\t<\/div>\n\t\t\t\t<div class=\"elementor-element elementor-element-0e6c0d9 elementor-widget elementor-widget-bloque-texto\" data-id=\"0e6c0d9\" data-element_type=\"widget\" data-widget_type=\"bloque-texto.default\">\n\t\t\t\t<div class=\"elementor-widget-container\">\n\t\t\t\t\t<!-- Texto a 2 columnas-->\n<section class=\"bloque bloque-texto  \">\n    <div class=\"container\">\n                <div class=\"estrecho2\">\n            <div class=\"row\">\n                <div class=\"col-sm-12\">\n                    <div class=\"the_content\" data-aos=\"fade-up\" data-aos-duration=\"700\">\n                        <p>O Observat\u00f3rio da Religi\u00e3o na Escola \u00e9 um novo programa da Funda\u00e7\u00e3o SM para a educa\u00e7\u00e3o e a sociedade, consistente com a sua longa hist\u00f3ria de servi\u00e7o \u00e0 constru\u00e7\u00e3o social nestas \u00e1reas. Atrav\u00e9s da educa\u00e7\u00e3o, a arma mais poderosa para mudar o mundo \u2014 como disse Nelson Mandela \u2014, queremos nos unir na constru\u00e7\u00e3o da casa comum de todos e todas e acreditamos que a realidade religiosa, devidamente entendida, pode contribuir para melhorar uma cultura capaz de transformar a realidade e alcan\u00e7ar a emancipa\u00e7\u00e3o de todas as pessoas e todos os povos. A an\u00e1lise destas propostas com rigor acad\u00eamico e em di\u00e1logo aberto com todos os agentes sociais \u00e9 a espinha dorsal deste projeto da Funda\u00e7\u00e3o SM.<\/p>\n                    <\/div>\n                <\/div>\n            <\/div>\n        <\/div>\n    <\/div>\n<\/section>\t\t\t\t<\/div>\n\t\t\t\t<\/div>\n\t\t\t\t<div class=\"elementor-element elementor-element-e1292fb elementor-widget elementor-widget-bloque-listado\" data-id=\"e1292fb\" data-element_type=\"widget\" data-widget_type=\"bloque-listado.default\">\n\t\t\t\t<div class=\"elementor-widget-container\">\n\t\t\t\t\t<!-- bloque listado -->\n<section class=\"bloque bloque-texto-en-columnas  \">\n    <div class=\"container\">\n        <h2 class=\"titulos\" data-aos=\"fade-left\" data-aos-duration=\"700\">Nossa miss\u00e3o<\/h2>\n        \n        <div class=\"listado estrecho\">\n                            <ul class=\"list-group list-group-horizontal row\">\n                                            <li class=\"list-group-item col-12 d-flex align-items-stretch col-sm-6 col-md-4\" data-aos=\"fade-up\" data-aos-delay=\"100\" data-aos-duration=\"700\">\n                            <a class=\"elemento-lista\" href=\"\">\n                                                                <img decoding=\"async\" src=\"https:\/\/ore.fundacion-sm.org\/wp-content\/uploads\/sites\/2\/2023\/06\/listado.png\" class=\"icono \" alt=\"Refer\u00eancia\">\n                                                                <h3 class=\"subtitulos\">Refer\u00eancia<\/h3>\n                                <div class=\"the_content\">\n                                    <p>Ser refer\u00eancia na an\u00e1lise e pesquisa sobre o ensino das religi\u00f5es nos sistemas educacionais.<\/p>\n                                                                    <\/div>\n                            <\/a>\n                        <\/li>\n                                            <li class=\"list-group-item col-12 d-flex align-items-stretch col-sm-6 col-md-4\" data-aos=\"fade-up\" data-aos-delay=\"200\" data-aos-duration=\"700\">\n                            <a class=\"elemento-lista\" href=\"\">\n                                                                <img decoding=\"async\" src=\"https:\/\/ore.fundacion-sm.org\/wp-content\/uploads\/sites\/2\/2023\/06\/listado.png\" class=\"icono \" alt=\"Car\u00e1ter pedag\u00f3gico\">\n                                                                <h3 class=\"subtitulos\">Car\u00e1ter pedag\u00f3gico<\/h3>\n                                <div class=\"the_content\">\n                                    <p>Ampliar a identidade pedag\u00f3gica do ensino das religi\u00f5es em di\u00e1logo com iniciativas educacionais globais e locais.<\/p>\n                                                                    <\/div>\n                            <\/a>\n                        <\/li>\n                                            <li class=\"list-group-item col-12 d-flex align-items-stretch col-sm-6 col-md-4\" data-aos=\"fade-up\" data-aos-delay=\"300\" data-aos-duration=\"700\">\n                            <a class=\"elemento-lista\" href=\"\">\n                                                                <img decoding=\"async\" src=\"https:\/\/ore.fundacion-sm.org\/wp-content\/uploads\/sites\/2\/2023\/06\/listado.png\" class=\"icono \" alt=\"Percep\u00e7\u00e3o\">\n                                                                <h3 class=\"subtitulos\">Percep\u00e7\u00e3o<\/h3>\n                                <div class=\"the_content\">\n                                    <p>Ser uma voz na opini\u00e3o p\u00fablica para renovar, com rigor acad\u00eamico e voca\u00e7\u00e3o para o servi\u00e7o p\u00fablico, a percep\u00e7\u00e3o social do ensino das religi\u00f5es.<\/p>\n                                                                    <\/div>\n                            <\/a>\n                        <\/li>\n                                            <li class=\"list-group-item col-12 d-flex align-items-stretch col-sm-6 col-md-4\" data-aos=\"fade-up\" data-aos-delay=\"400\" data-aos-duration=\"700\">\n                            <a class=\"elemento-lista\" href=\"\">\n                                                                <img decoding=\"async\" src=\"https:\/\/ore.fundacion-sm.org\/wp-content\/uploads\/sites\/2\/2023\/06\/listado.png\" class=\"icono \" alt=\"Inova\u00e7\u00e3o\">\n                                                                <h3 class=\"subtitulos\">Inova\u00e7\u00e3o<\/h3>\n                                <div class=\"the_content\">\n                                    <p>Inspirar a inova\u00e7\u00e3o educacional no ensino religioso acompanhando os novos contextos de aprendizagem do nosso mundo global.<\/p>\n                                                                    <\/div>\n                            <\/a>\n                        <\/li>\n                                            <li class=\"list-group-item col-12 d-flex align-items-stretch col-sm-6 col-md-4\" data-aos=\"fade-up\" data-aos-delay=\"500\" data-aos-duration=\"700\">\n                            <a class=\"elemento-lista\" href=\"\">\n                                                                <img decoding=\"async\" src=\"https:\/\/ore.fundacion-sm.org\/wp-content\/uploads\/sites\/2\/2023\/06\/listado.png\" class=\"icono \" alt=\"Trabalho em rede\">\n                                                                <h3 class=\"subtitulos\">Trabalho em rede<\/h3>\n                                <div class=\"the_content\">\n                                    <p>Promover o trabalho em rede dos protagonistas do ensino das religi\u00f5es promovendo lideran\u00e7as positivas entre os professores e professoras de diversas religi\u00f5es na escola.<\/p>\n                                                                    <\/div>\n                            <\/a>\n                        <\/li>\n                                            <li class=\"list-group-item col-12 d-flex align-items-stretch col-sm-6 col-md-4\" data-aos=\"fade-up\" data-aos-delay=\"600\" data-aos-duration=\"700\">\n                            <a class=\"elemento-lista\" href=\"\">\n                                                                <img decoding=\"async\" src=\"https:\/\/ore.fundacion-sm.org\/wp-content\/uploads\/sites\/2\/2023\/06\/listado.png\" class=\"icono \" alt=\"Compromisso\">\n                                                                <h3 class=\"subtitulos\">Compromisso<\/h3>\n                                <div class=\"the_content\">\n                                    <p>Manter o compromisso com a responsabilidade antecipat\u00f3ria, inspirando um ensino religioso alinhado aos novos tempos de diversidade cultural e religiosa das sociedades democr\u00e1ticas.<\/p>\n                                                                    <\/div>\n                            <\/a>\n                        <\/li>\n                                    <\/ul>\n                    <\/div>\n    <\/div>\n<\/section>\t\t\t\t<\/div>\n\t\t\t\t<\/div>\n\t\t\t\t<div class=\"elementor-element elementor-element-eceb99f elementor-widget elementor-widget-bloque-imagen-centrada\" data-id=\"eceb99f\" data-element_type=\"widget\" data-widget_type=\"bloque-imagen-centrada.default\">\n\t\t\t\t<div class=\"elementor-widget-container\">\n\t\t\t\t\t<!-- Bloque contenidos: Imagen bloque-imagen-centrada -->\n<section class=\"bloque bloque-imagen-centrada  \">\n    <div class=\"container\">\n                                <div class=\"estrecho\">\n            <div class=\"row\">\n                <div class=\"col-12\">\n                    <figure class=\"figure imagen2\">\n                        <div class=\"image\" data-aos=\"fade-up\" data-aos-delay=\"800\" data-aos-duration=\"1200\">\n                                                        <img decoding=\"async\" src=\"https:\/\/ore.fundacion-sm.org\/wp-content\/uploads\/sites\/2\/2023\/06\/infografia-conocenos-3.png\" class=\"figure-img img-fluid \" alt=\"\">\n                                                        <\/a>\n                                \n                        <\/div>\n                                            <\/figure>\n                <\/div>\n            <\/div>\n        <\/div>\n    <\/div>\n    <\/section>\t\t\t\t<\/div>\n\t\t\t\t<\/div>\n\t\t\t\t<div class=\"elementor-element elementor-element-9d2a744 elementor-widget elementor-widget-bloque-texto\" data-id=\"9d2a744\" data-element_type=\"widget\" data-widget_type=\"bloque-texto.default\">\n\t\t\t\t<div class=\"elementor-widget-container\">\n\t\t\t\t\t<!-- Texto a 2 columnas-->\n<section class=\"bloque bloque-texto  mb-0\">\n    <div class=\"container\">\n        <h2 class=\"titulos\" data-aos=\"fade-left\" data-aos-duration=\"700\">Cartas de apresenta\u00e7\u00e3o<\/h2>        <div class=\"estrecho2\">\n            <div class=\"row\">\n                <div class=\"col-sm-12\">\n                    <div class=\"the_content\" data-aos=\"fade-up\" data-aos-duration=\"700\">\n                                            <\/div>\n                <\/div>\n            <\/div>\n        <\/div>\n    <\/div>\n<\/section>\t\t\t\t<\/div>\n\t\t\t\t<\/div>\n\t\t\t\t<div class=\"elementor-element elementor-element-1135177 elementor-widget elementor-widget-bloque-autor\" data-id=\"1135177\" data-element_type=\"widget\" id=\"equipo_mayte\" data-widget_type=\"bloque-autor.default\">\n\t\t\t\t<div class=\"elementor-widget-container\">\n\t\t\t\t\t\n<section class=\"bloque bloque-autor  \">\n    <div class=\"container\">\n        <div class=\"estrecho2\">\n            <div class=\"row\">\n                <div class=\"col-12\">\n                    <div class=\"datos d-flex align-items-center\">\n                        <div class=\"imagen\" data-aos=\"fade\" data-aos-delay=\"600\" data-aos-duration=\"800\"><img decoding=\"async\" src=\"https:\/\/ore.fundacion-sm.org\/wp-content\/uploads\/sites\/2\/2023\/06\/mayte-570x570.jpg\" class=\"img-fluid\" alt=\"Fotograf\u00eda de Mayte Ortiz V\u00e9lez\"><\/div>\n                        <div class=\"datos-content\">\n                            <p class=\"subtitulos\">Mayte Ortiz V\u00e9lez<\/p>\n                                                        <p class=\"cargo\">Diretora geral da Funda\u00e7\u00e3o SM<\/p>\n                                                                                <\/div>\n                    <\/div>\n                <\/div>\n            <\/div>\n        <\/div>\n    <\/div>\n<\/section>\t\t\t\t<\/div>\n\t\t\t\t<\/div>\n\t\t\t\t<div class=\"elementor-element elementor-element-93dd1e5 elementor-widget elementor-widget-bloque-texto\" data-id=\"93dd1e5\" data-element_type=\"widget\" data-widget_type=\"bloque-texto.default\">\n\t\t\t\t<div class=\"elementor-widget-container\">\n\t\t\t\t\t<!-- Texto a 2 columnas-->\n<section class=\"bloque bloque-texto  \">\n    <div class=\"container\">\n                <div class=\"estrecho2\">\n            <div class=\"row\">\n                <div class=\"col-sm-12\">\n                    <div class=\"the_content\" data-aos=\"fade-up\" data-aos-duration=\"700\">\n                        <p>Nosso compromisso com a educa\u00e7\u00e3o abrangente e de qualidade significa que, a partir da Funda\u00e7\u00e3o SM, inclu\u00edmos a promo\u00e7\u00e3o de Ensino Religioso na Escola (ERE) entre nossas principais atividades. O Ensino Religioso (junto com o resto das disciplinas curriculares, como Matem\u00e1tica, L\u00edngua Portuguesa ou Hist\u00f3ria) contribui para uma melhor compreens\u00e3o das identidades e culturas dos povos. Al\u00e9m disso, atua como um conhecimento ativador e estimulador do desenvolvimento de outros conhecimentos e compet\u00eancias globais, como o pensamento cr\u00edtico, a compet\u00eancia intercultural ou as compet\u00eancias sociais necess\u00e1rias para a forma\u00e7\u00e3o de cidad\u00e3os e cidad\u00e3s globais, que a partir da \u00e9tica do cuidado est\u00e3o comprometidos com a solu\u00e7\u00e3o dos desafios presentes e futuros.<\/p>\n<p>Desde a sua cria\u00e7\u00e3o, em 1977, a Funda\u00e7\u00e3o SM, propriet\u00e1ria do grupo educacional SM, tem mantido uma posi\u00e7\u00e3o firme pelo ensino religioso na escola (ERE), bem como pela forma\u00e7\u00e3o e apoio cont\u00ednuo de professores e professoras de Ensino Religioso, tanto em escolas p\u00fablicas como privadas, atrav\u00e9s de muitos e diversos programas. Um exemplo disso \u00e9 a cria\u00e7\u00e3o do Observat\u00f3rio da Religi\u00e3o na Escola (ORE), espa\u00e7o a partir do qual foram promovidas as pesquisas: Panorama de Ensino Religioso na Espanha 2020 e Peru 2021.<\/p>\n<p>O Observat\u00f3rio da Religi\u00e3o na Escola (ORE) iniciou a sua atividade em 2019 com o objetivo de ser uma refer\u00eancia para o ensino das religi\u00f5es nos diferentes pa\u00edses em que a Funda\u00e7\u00e3o SM est\u00e1 presente. Por meio de sua atividade, oferece informa\u00e7\u00f5es rigorosas para an\u00e1lise e estudo pela comunidade educacional e a sociedade em geral.<\/p>\n                    <\/div>\n                <\/div>\n            <\/div>\n        <\/div>\n    <\/div>\n<\/section>\t\t\t\t<\/div>\n\t\t\t\t<\/div>\n\t\t\t\t<div class=\"elementor-element elementor-element-23f178d elementor-widget elementor-widget-bloque-autor\" data-id=\"23f178d\" data-element_type=\"widget\" id=\"equipo_carlos\" data-widget_type=\"bloque-autor.default\">\n\t\t\t\t<div class=\"elementor-widget-container\">\n\t\t\t\t\t\n<section class=\"bloque bloque-autor  \">\n    <div class=\"container\">\n        <div class=\"estrecho2\">\n            <div class=\"row\">\n                <div class=\"col-12\">\n                    <div class=\"datos d-flex align-items-center\">\n                        <div class=\"imagen\" data-aos=\"fade\" data-aos-delay=\"600\" data-aos-duration=\"800\"><img decoding=\"async\" src=\"https:\/\/ore.fundacion-sm.org\/wp-content\/uploads\/sites\/2\/2023\/06\/carlos.jpg\" class=\"img-fluid\" alt=\"Fotograf\u00eda de Carlos Esteban Garc\u00e9s\"><\/div>\n                        <div class=\"datos-content\">\n                            <p class=\"subtitulos\">Carlos Esteban Garc\u00e9s<\/p>\n                                                        <p class=\"cargo\">Diretor do ORE<\/p>\n                                                                                <\/div>\n                    <\/div>\n                <\/div>\n            <\/div>\n        <\/div>\n    <\/div>\n<\/section>\t\t\t\t<\/div>\n\t\t\t\t<\/div>\n\t\t\t\t<div class=\"elementor-element elementor-element-a320645 elementor-widget elementor-widget-bloque-texto\" data-id=\"a320645\" data-element_type=\"widget\" data-widget_type=\"bloque-texto.default\">\n\t\t\t\t<div class=\"elementor-widget-container\">\n\t\t\t\t\t<!-- Texto a 2 columnas-->\n<section class=\"bloque bloque-texto  \">\n    <div class=\"container\">\n                <div class=\"estrecho2\">\n            <div class=\"row\">\n                <div class=\"col-sm-12\">\n                    <div class=\"the_content\" data-aos=\"fade-up\" data-aos-duration=\"700\">\n                        <p>Houve um tempo em que as sociedades eram socialmente homog\u00eaneas, inclusive na religi\u00e3o e na pol\u00edtica. Naquela \u00e9poca, a religi\u00e3o era uma parte natural da sociedade e da escola. Essa primeira vers\u00e3o de Ensino Religioso, que coincide com longos per\u00edodos antidemocr\u00e1ticos, era confessional, obrigat\u00f3ria e em forma de catecismo.<\/p>\n<p>A segunda vers\u00e3o do ERE, no entanto, ocorreu em per\u00edodos democr\u00e1ticos. Este Ensino Religioso, confessional e facultativo, surge juntamente com uma cultura das religi\u00f5es; uma identidade em conson\u00e2ncia com a pluralidade e diversidade cultural e religiosa do momento. Essa aula de Ensino Religioso adquiriu um car\u00e1ter escolar diferente da catequese. \u00c9 uma realidade em todos os pa\u00edses europeus.<\/p>\n<p>E agora chegamos \u00e0 terceira vers\u00e3o do ensino das religi\u00f5es. \u201cAula de Ensino Religioso 3.0\u201d \u00e9 uma express\u00e3o que simboliza esse novo tempo; \u00e9 tamb\u00e9m uma aula \u201cem sa\u00edda\u201d, preparada para contextos de democracia e diversidade cultural. O que caracteriza esse novo tempo \u00e9 a narrativa pedag\u00f3gica do ensino das religi\u00f5es, que tem a ver com suas contribui\u00e7\u00f5es educacionais.<\/p>\n<p>Pois bem, o Observat\u00f3rio da Religi\u00e3o na Escola \u00e9 um projeto que prop\u00f5e inspirar os futuros do ensino das religi\u00f5es, em conson\u00e2ncia com os mais altos prop\u00f3sitos da educa\u00e7\u00e3o, para contribuir para a forma\u00e7\u00e3o integral das novas gera\u00e7\u00f5es; para nos comprometermos com o bem comum e a cidadania global significativa; e, em suma, para nos unirmos \u00e0 constru\u00e7\u00e3o da casa comum.<\/p>\n<p>O Observat\u00f3rio da Religi\u00e3o na Escola busca ser uma refer\u00eancia na an\u00e1lise e pesquisa sobre o ensino de religi\u00f5es nos sistemas educacionais. Assume um compromisso de responsabilidade antecipat\u00f3ria na configura\u00e7\u00e3o de um ensino da religi\u00e3o de acordo com as situa\u00e7\u00f5es de diversidade cultural e religiosa t\u00edpicas das sociedades democr\u00e1ticas.<\/p>\n                    <\/div>\n                <\/div>\n            <\/div>\n        <\/div>\n    <\/div>\n<\/section>\t\t\t\t<\/div>\n\t\t\t\t<\/div>\n\t\t\t\t<div class=\"elementor-element elementor-element-b98b4ae elementor-widget elementor-widget-bloque-desplegables\" data-id=\"b98b4ae\" data-element_type=\"widget\" data-widget_type=\"bloque-desplegables.default\">\n\t\t\t\t<div class=\"elementor-widget-container\">\n\t\t\t\t\t<!-- Bloque contenidos: Desplegables -->\n<section class=\"bloque bloque-desplegable  \">\n    <div class=\"container\">\n        <h2 class=\"titulos\" data-aos=\"fade-left\" data-aos-duration=\"700\">Equipes do ORE<\/h2>        <div class=\"estrecho2\">\n            <div class=\"row\">\n                <div class=\"col-12\" data-aos=\"fade-up\" data-aos-duration=\"700\">\n                    <!-- Acordeon -->\n                                        <div class=\"accordion\" id=\"bloqueDesplegables-wyndvuivjrphfwiqo\">\n                                                    <div class=\"accordion-item\">\n                                <h3 class=\"accordion-header\" id=\"bd-heading-npurlkwxuj\">\n                                    <button class=\"accordion-button collapsed\" type=\"button\" data-bs-toggle=\"collapse\" data-bs-target=\"#bd-collapse-npurlkwxuj\" aria-expanded=\"true\" aria-controls=\"bd-collapse-npurlkwxuj\">Equipe de governan\u00e7a<div class=\"icono\"><svg xmlns=\"http:\/\/www.w3.org\/2000\/svg\" viewBox=\"0 0 512 512\"><path d=\"M233.4 406.6c12.5 12.5 32.8 12.5 45.3 0l192-192c12.5-12.5 12.5-32.8 0-45.3s-32.8-12.5-45.3 0L256 338.7 86.6 169.4c-12.5-12.5-32.8-12.5-45.3 0s-12.5 32.8 0 45.3l192 192z\"\/><\/svg><\/div><\/button>\n                                <\/h3>\n                                <div id=\"bd-collapse-npurlkwxuj\" class=\"accordion-collapse collapse\" aria-labelledby=\"bd-heading-npurlkwxuj\" data-bs-parent=\"#bloqueDesplegables-wyndvuivjrphfwiqo\">\n                                    <div class=\"accordion-body\">\n                                        <div class=\"the_content\">\n                                            <ul><li><strong>Carlos Esteban Garc\u00e9s<\/strong>, diretor do Observat\u00f3rio da Religi\u00e3o na Escola.<\/li><li><strong>Antonio Roura<\/strong>, diretor de Publica\u00e7\u00f5es Educacionais para PPC e SM; diretor de Religi\u00e3o e Escola.<\/li><li><strong>Flavio Pajer<\/strong>, ex-professor de Pedagogia e Did\u00e1tica das Religi\u00f5es da Universidade Salesiana de Roma e pesquisador do ERE na Europa.<\/li><li><strong>Rodrigo Mart\u00ednez<\/strong>, assessor da Pastoral Educativa CELAM e especialista do ERE na Am\u00e9rica Latina.<\/li><li><strong>Juan Eduardo Arn\u00e1iz<\/strong>, professor de Religi\u00e3o e membro da equipe de dire\u00e7\u00e3o e gest\u00e3o dos Col\u00e9gios Marianistas na \u00e1rea pastoral.<\/li><li><strong>Jos\u00e9 Mar\u00eda Gonz\u00e1lez<\/strong>, diretor de Programas da Funda\u00e7ao SM.<\/li><li><strong>Ariana P\u00e9rez Coutado<\/strong>, respons\u00e1vel pelas pesquisas da Funda\u00e7\u00e3o SM.<\/li><\/ul>                                        <\/div>\n                                    <\/div>\n                                <\/div>\n                            <\/div>\n                                                    <div class=\"accordion-item\">\n                                <h3 class=\"accordion-header\" id=\"bd-heading-anjviwnoec\">\n                                    <button class=\"accordion-button collapsed\" type=\"button\" data-bs-toggle=\"collapse\" data-bs-target=\"#bd-collapse-anjviwnoec\" aria-expanded=\"true\" aria-controls=\"bd-collapse-anjviwnoec\">Conselho consultivo<div class=\"icono\"><svg xmlns=\"http:\/\/www.w3.org\/2000\/svg\" viewBox=\"0 0 512 512\"><path d=\"M233.4 406.6c12.5 12.5 32.8 12.5 45.3 0l192-192c12.5-12.5 12.5-32.8 0-45.3s-32.8-12.5-45.3 0L256 338.7 86.6 169.4c-12.5-12.5-32.8-12.5-45.3 0s-12.5 32.8 0 45.3l192 192z\"\/><\/svg><\/div><\/button>\n                                <\/h3>\n                                <div id=\"bd-collapse-anjviwnoec\" class=\"accordion-collapse collapse\" aria-labelledby=\"bd-heading-anjviwnoec\" data-bs-parent=\"#bloqueDesplegables-wyndvuivjrphfwiqo\">\n                                    <div class=\"accordion-body\">\n                                        <div class=\"the_content\">\n                                            <ul><li><strong>Sara Lobato Ruiz<\/strong>, coordenadora nacional de Educa\u00e7\u00e3o Religiosa Evang\u00e9lica da FEREDE.<\/li><li><strong>Mohamed Ajana<\/strong>, secret\u00e1rio da Comiss\u00e3o Isl\u00e2mica da Espanha.<\/li><li><strong>Luna Alfon<\/strong>, diretora do Centro Ibn Gabirol, escola judaica em Madri.<\/li><li><strong>Enrique Caputo<\/strong>, Comiss\u00e3o Permanente da Uni\u00e3o Budista de Espanha.<\/li><li><strong>Pedro Huerta<\/strong>,\u00a0secret\u00e1rio geral das Escolas Cat\u00f3licas.<\/li><li><strong>Nerea Bego\u00f1a<\/strong>, respons\u00e1vel de Educa\u00e7\u00e3o e dos col\u00e9gios diocesanos de Bilbao.<\/li><li><strong>Alberto Guerrero<\/strong>, presidente da Federa\u00e7\u00e3o de Centros e Clubes da UNESCO na Espanha.<\/li><\/ul>                                        <\/div>\n                                    <\/div>\n                                <\/div>\n                            <\/div>\n                                            <\/div>\n                                        <!-- \/ -->\n                <\/div>\n            <\/div>\n        <\/div>\n    <\/div>\n<\/section>\t\t\t\t<\/div>\n\t\t\t\t<\/div>\n\t\t\t\t<div class=\"elementor-element elementor-element-21af7d8 elementor-widget elementor-widget-bloque-paginas-relacionadas\" data-id=\"21af7d8\" data-element_type=\"widget\" data-widget_type=\"bloque-paginas-relacionadas.default\">\n\t\t\t\t<div class=\"elementor-widget-container\">\n\t\t\t\t\t<!-- Relacionados: P\u00e1ginas relacionadas  -->\n<section class=\"bloque relacionados relacionados-paginas \">\n    <div class=\"container\">\n                <div class=\"estrecho\">\n            <div class=\"row\">\n                                        <div class=\"col-12 col-sm-6 d-flex align-items-stretch\" data-aos=\"fade-up\" data-aos-duration=\"700\">\n                            <a href=\"https:\/\/ore.fundacion-sm.org\/pt-br\/inspiracao\/\" class=\"pagina black\" title=\"Inspira\u00e7\u00e3o\" style=\"background-color:#ffd72a\">\n                                <div class=\"image\">\n                                    <img decoding=\"async\" width=\"800\" height=\"540\" src=\"https:\/\/ore.fundacion-sm.org\/wp-content\/uploads\/sites\/2\/2023\/06\/inspiracion.jpg\" class=\"img-fluid wp-post-image\" alt=\"\" srcset=\"https:\/\/ore.fundacion-sm.org\/wp-content\/uploads\/sites\/2\/2023\/06\/inspiracion.jpg 800w, https:\/\/ore.fundacion-sm.org\/wp-content\/uploads\/sites\/2\/2023\/06\/inspiracion-300x203.jpg 300w, https:\/\/ore.fundacion-sm.org\/wp-content\/uploads\/sites\/2\/2023\/06\/inspiracion-768x518.jpg 768w\" sizes=\"(max-width: 800px) 100vw, 800px\" \/>                                <\/div>\n                                <div class=\"datos\">\n                                    <h3 class=\"subtitulos\">Inspira\u00e7\u00e3o<\/h3>\n                                    <div class=\"texto\"><p>O ORE \u00e9 inspirado por iniciativas universais que nutrem e fundamentam nosso compromisso de ensinar religi\u00f5es a servi\u00e7o da melhoria da educa\u00e7\u00e3o e, portanto, das pessoas e sociedades.<\/p>\n<\/div>\n                                    <div class=\"mas\">Mais informa\u00e7\u00f5es <svg version=\"1.1\" id=\"longArrow\" xmlns=\"http:\/\/www.w3.org\/2000\/svg\" xmlns:xlink=\"http:\/\/www.w3.org\/1999\/xlink\" x=\"0px\" y=\"0px\" viewBox=\"0 0 56.9 19.2\" style=\"enable-background:new 0 0 56.9 19.2;\" xml:space=\"preserve\"><polygon points=\"47.3,0 45.2,2.1 51.1,8.1 0,8.1 0,11.1 51.1,11.1 45.2,17.1 47.3,19.2 56.9,9.6 \"><\/polygon><\/svg><\/div>\n                                <\/div>\n                            <\/a>\n                        <\/div>\n                                              <div class=\"col-12 col-sm-6 d-flex align-items-stretch\" data-aos=\"fade-up\" data-aos-duration=\"700\">\n                            <a href=\"https:\/\/ore.fundacion-sm.org\/pt-br\/a-religiao-na-escola\/\" class=\"pagina black\" title=\"A religi\u00e3o na escola\" style=\"background-color:#76d4f9\">\n                                <div class=\"image\">\n                                    <img decoding=\"async\" width=\"800\" height=\"540\" src=\"https:\/\/ore.fundacion-sm.org\/wp-content\/uploads\/sites\/2\/2023\/06\/religion.jpg\" class=\"img-fluid wp-post-image\" alt=\"\" srcset=\"https:\/\/ore.fundacion-sm.org\/wp-content\/uploads\/sites\/2\/2023\/06\/religion.jpg 800w, https:\/\/ore.fundacion-sm.org\/wp-content\/uploads\/sites\/2\/2023\/06\/religion-300x203.jpg 300w, https:\/\/ore.fundacion-sm.org\/wp-content\/uploads\/sites\/2\/2023\/06\/religion-768x518.jpg 768w\" sizes=\"(max-width: 800px) 100vw, 800px\" \/>                                <\/div>\n                                <div class=\"datos\">\n                                    <h3 class=\"subtitulos\">A religi\u00e3o na escola<\/h3>\n                                    <div class=\"texto\"><p>Acreditamos que nesta nobre tarefa da educa\u00e7\u00e3o, os saberes religiosos podem contribuir para a constru\u00e7\u00e3o de sociedades inclusivas e sustent\u00e1veis.<\/p>\n<\/div>\n                                    <div class=\"mas\">Mais informa\u00e7\u00f5es <svg version=\"1.1\" id=\"longArrow\" xmlns=\"http:\/\/www.w3.org\/2000\/svg\" xmlns:xlink=\"http:\/\/www.w3.org\/1999\/xlink\" x=\"0px\" y=\"0px\" viewBox=\"0 0 56.9 19.2\" style=\"enable-background:new 0 0 56.9 19.2;\" xml:space=\"preserve\"><polygon points=\"47.3,0 45.2,2.1 51.1,8.1 0,8.1 0,11.1 51.1,11.1 45.2,17.1 47.3,19.2 56.9,9.6 \"><\/polygon><\/svg><\/div>\n                                <\/div>\n                            <\/a>\n                        <\/div>\n                                  <\/div>\n        <\/div>\n    <\/div>\n<\/section>\t\t\t\t<\/div>\n\t\t\t\t<\/div>\n\t\t\t\t\t<\/div>\n\t\t<\/div>\n\t\t\t\t\t<\/div>\n\t\t<\/section>\n\t\t\t\t<\/div>\n\t\t","protected":false},"excerpt":{"rendered":"<p>Quem somos Inspira\u00e7\u00e3o A religi\u00e3o na escola Not\u00edcias Estudos Contato Inicio Quem somos Nosso objetivo \u00e9 ser refer\u00eancia no ensino das religi\u00f5es nos sistemas educacionais, proporcionando an\u00e1lises e pesquisas voltadas para a comunidade educacional e a sociedade. O Observat\u00f3rio da Religi\u00e3o na Escola \u00e9 um novo programa da Funda\u00e7\u00e3o SM para a educa\u00e7\u00e3o e a [&hellip;]<\/p>\n","protected":false},"author":1,"featured_media":1035,"parent":0,"menu_order":1,"comment_status":"closed","ping_status":"closed","template":"","meta":{"_acf_changed":false,"footnotes":""},"class_list":["post-302","page","type-page","status-publish","has-post-thumbnail","hentry"],"acf":[],"yoast_head":"<!-- This site is optimized with the Yoast SEO plugin v26.7 - https:\/\/yoast.com\/wordpress\/plugins\/seo\/ -->\n<title>Quem somos - Observat\u00f3rio da Religi\u00e3o na Escola (ORE)<\/title>\n<meta name=\"description\" content=\"O ORE (Observat\u00f3rio da Religi\u00e3o na Escola) \u00e9 um novo programa da Funda\u00e7\u00e3o SM para a educa\u00e7\u00e3o e a sociedade, consistente com a sua longa hist\u00f3ria de servi\u00e7o \u00e0 constru\u00e7\u00e3o social. Nosso objetivo \u00e9 ser refer\u00eancia no ensino das religi\u00f5es nos sistemas educacionais, proporcionando an\u00e1lises e pesquisas voltadas para a comunidade educacional e a sociedade.\" \/>\n<meta name=\"robots\" content=\"index, follow, max-snippet:-1, max-image-preview:large, max-video-preview:-1\" \/>\n<link rel=\"canonical\" href=\"https:\/\/ore.fundacion-sm.org\/pt-br\/quem-somos\/\" \/>\n<meta property=\"og:locale\" content=\"pt_BR\" \/>\n<meta property=\"og:type\" content=\"article\" \/>\n<meta property=\"og:title\" content=\"Quem somos - Observat\u00f3rio da Religi\u00e3o na Escola (ORE)\" \/>\n<meta property=\"og:description\" content=\"O ORE (Observat\u00f3rio da Religi\u00e3o na Escola) \u00e9 um novo programa da Funda\u00e7\u00e3o SM para a educa\u00e7\u00e3o e a sociedade, consistente com a sua longa hist\u00f3ria de servi\u00e7o \u00e0 constru\u00e7\u00e3o social. Nosso objetivo \u00e9 ser refer\u00eancia no ensino das religi\u00f5es nos sistemas educacionais, proporcionando an\u00e1lises e pesquisas voltadas para a comunidade educacional e a sociedade.\" \/>\n<meta property=\"og:url\" content=\"https:\/\/ore.fundacion-sm.org\/pt-br\/quem-somos\/\" \/>\n<meta property=\"og:site_name\" content=\"Observat\u00f3rio da Religi\u00e3o na Escola (ORE)\" \/>\n<meta property=\"article:modified_time\" content=\"2025-02-25T14:17:53+00:00\" \/>\n<meta property=\"og:image\" content=\"https:\/\/ore.fundacion-sm.org\/wp-content\/uploads\/sites\/2\/2023\/06\/destacada-relacionadas-conocenos.png\" \/>\n\t<meta property=\"og:image:width\" content=\"800\" \/>\n\t<meta property=\"og:image:height\" content=\"540\" \/>\n\t<meta property=\"og:image:type\" content=\"image\/png\" \/>\n<meta name=\"twitter:card\" content=\"summary_large_image\" \/>\n<script type=\"application\/ld+json\" class=\"yoast-schema-graph\">{\"@context\":\"https:\/\/schema.org\",\"@graph\":[{\"@type\":\"WebPage\",\"@id\":\"https:\/\/ore.fundacion-sm.org\/pt-br\/quem-somos\/\",\"url\":\"https:\/\/ore.fundacion-sm.org\/pt-br\/quem-somos\/\",\"name\":\"Quem somos - Observat\u00f3rio da Religi\u00e3o na Escola (ORE)\",\"isPartOf\":{\"@id\":\"https:\/\/ore.fundacion-sm.org\/pt-br\/#website\"},\"primaryImageOfPage\":{\"@id\":\"https:\/\/ore.fundacion-sm.org\/pt-br\/quem-somos\/#primaryimage\"},\"image\":{\"@id\":\"https:\/\/ore.fundacion-sm.org\/pt-br\/quem-somos\/#primaryimage\"},\"thumbnailUrl\":\"https:\/\/ore.fundacion-sm.org\/wp-content\/uploads\/sites\/2\/2023\/06\/destacada-relacionadas-conocenos.png\",\"datePublished\":\"2023-06-14T11:23:04+00:00\",\"dateModified\":\"2025-02-25T14:17:53+00:00\",\"description\":\"O ORE (Observat\u00f3rio da Religi\u00e3o na Escola) \u00e9 um novo programa da Funda\u00e7\u00e3o SM para a educa\u00e7\u00e3o e a sociedade, consistente com a sua longa hist\u00f3ria de servi\u00e7o \u00e0 constru\u00e7\u00e3o social. Nosso objetivo \u00e9 ser refer\u00eancia no ensino das religi\u00f5es nos sistemas educacionais, proporcionando an\u00e1lises e pesquisas voltadas para a comunidade educacional e a sociedade.\",\"breadcrumb\":{\"@id\":\"https:\/\/ore.fundacion-sm.org\/pt-br\/quem-somos\/#breadcrumb\"},\"inLanguage\":\"pt-BR\",\"potentialAction\":[{\"@type\":\"ReadAction\",\"target\":[\"https:\/\/ore.fundacion-sm.org\/pt-br\/quem-somos\/\"]}]},{\"@type\":\"ImageObject\",\"inLanguage\":\"pt-BR\",\"@id\":\"https:\/\/ore.fundacion-sm.org\/pt-br\/quem-somos\/#primaryimage\",\"url\":\"https:\/\/ore.fundacion-sm.org\/wp-content\/uploads\/sites\/2\/2023\/06\/destacada-relacionadas-conocenos.png\",\"contentUrl\":\"https:\/\/ore.fundacion-sm.org\/wp-content\/uploads\/sites\/2\/2023\/06\/destacada-relacionadas-conocenos.png\",\"width\":800,\"height\":540},{\"@type\":\"BreadcrumbList\",\"@id\":\"https:\/\/ore.fundacion-sm.org\/pt-br\/quem-somos\/#breadcrumb\",\"itemListElement\":[{\"@type\":\"ListItem\",\"position\":1,\"name\":\"In\u00edcio\",\"item\":\"https:\/\/ore.fundacion-sm.org\/pt-br\/\"},{\"@type\":\"ListItem\",\"position\":2,\"name\":\"Quem somos\"}]},{\"@type\":\"WebSite\",\"@id\":\"https:\/\/ore.fundacion-sm.org\/pt-br\/#website\",\"url\":\"https:\/\/ore.fundacion-sm.org\/pt-br\/\",\"name\":\"Observat\u00f3rio da Religi\u00e3o na Escola (ORE)\",\"description\":\"Fundaci\u00f3n SM\",\"publisher\":{\"@id\":\"https:\/\/ore.fundacion-sm.org\/pt-br\/#organization\"},\"alternateName\":\"ORE\",\"potentialAction\":[{\"@type\":\"SearchAction\",\"target\":{\"@type\":\"EntryPoint\",\"urlTemplate\":\"https:\/\/ore.fundacion-sm.org\/pt-br\/?s={search_term_string}\"},\"query-input\":{\"@type\":\"PropertyValueSpecification\",\"valueRequired\":true,\"valueName\":\"search_term_string\"}}],\"inLanguage\":\"pt-BR\"},{\"@type\":\"Organization\",\"@id\":\"https:\/\/ore.fundacion-sm.org\/pt-br\/#organization\",\"name\":\"Fundaci\u00f3n SM\",\"url\":\"https:\/\/ore.fundacion-sm.org\/pt-br\/\",\"logo\":{\"@type\":\"ImageObject\",\"inLanguage\":\"pt-BR\",\"@id\":\"https:\/\/ore.fundacion-sm.org\/pt-br\/#\/schema\/logo\/image\/\",\"url\":\"https:\/\/ore.fundacion-sm.org\/wp-content\/uploads\/sites\/2\/2023\/10\/logotipo-fundacion-sm.png\",\"contentUrl\":\"https:\/\/ore.fundacion-sm.org\/wp-content\/uploads\/sites\/2\/2023\/10\/logotipo-fundacion-sm.png\",\"width\":447,\"height\":85,\"caption\":\"Fundaci\u00f3n SM\"},\"image\":{\"@id\":\"https:\/\/ore.fundacion-sm.org\/pt-br\/#\/schema\/logo\/image\/\"}}]}<\/script>\n<!-- \/ Yoast SEO plugin. -->","yoast_head_json":{"title":"Quem somos - Observat\u00f3rio da Religi\u00e3o na Escola (ORE)","description":"O ORE (Observat\u00f3rio da Religi\u00e3o na Escola) \u00e9 um novo programa da Funda\u00e7\u00e3o SM para a educa\u00e7\u00e3o e a sociedade, consistente com a sua longa hist\u00f3ria de servi\u00e7o \u00e0 constru\u00e7\u00e3o social. Nosso objetivo \u00e9 ser refer\u00eancia no ensino das religi\u00f5es nos sistemas educacionais, proporcionando an\u00e1lises e pesquisas voltadas para a comunidade educacional e a sociedade.","robots":{"index":"index","follow":"follow","max-snippet":"max-snippet:-1","max-image-preview":"max-image-preview:large","max-video-preview":"max-video-preview:-1"},"canonical":"https:\/\/ore.fundacion-sm.org\/pt-br\/quem-somos\/","og_locale":"pt_BR","og_type":"article","og_title":"Quem somos - Observat\u00f3rio da Religi\u00e3o na Escola (ORE)","og_description":"O ORE (Observat\u00f3rio da Religi\u00e3o na Escola) \u00e9 um novo programa da Funda\u00e7\u00e3o SM para a educa\u00e7\u00e3o e a sociedade, consistente com a sua longa hist\u00f3ria de servi\u00e7o \u00e0 constru\u00e7\u00e3o social. Nosso objetivo \u00e9 ser refer\u00eancia no ensino das religi\u00f5es nos sistemas educacionais, proporcionando an\u00e1lises e pesquisas voltadas para a comunidade educacional e a sociedade.","og_url":"https:\/\/ore.fundacion-sm.org\/pt-br\/quem-somos\/","og_site_name":"Observat\u00f3rio da Religi\u00e3o na Escola (ORE)","article_modified_time":"2025-02-25T14:17:53+00:00","og_image":[{"width":800,"height":540,"url":"https:\/\/ore.fundacion-sm.org\/wp-content\/uploads\/sites\/2\/2023\/06\/destacada-relacionadas-conocenos.png","type":"image\/png"}],"twitter_card":"summary_large_image","schema":{"@context":"https:\/\/schema.org","@graph":[{"@type":"WebPage","@id":"https:\/\/ore.fundacion-sm.org\/pt-br\/quem-somos\/","url":"https:\/\/ore.fundacion-sm.org\/pt-br\/quem-somos\/","name":"Quem somos - Observat\u00f3rio da Religi\u00e3o na Escola (ORE)","isPartOf":{"@id":"https:\/\/ore.fundacion-sm.org\/pt-br\/#website"},"primaryImageOfPage":{"@id":"https:\/\/ore.fundacion-sm.org\/pt-br\/quem-somos\/#primaryimage"},"image":{"@id":"https:\/\/ore.fundacion-sm.org\/pt-br\/quem-somos\/#primaryimage"},"thumbnailUrl":"https:\/\/ore.fundacion-sm.org\/wp-content\/uploads\/sites\/2\/2023\/06\/destacada-relacionadas-conocenos.png","datePublished":"2023-06-14T11:23:04+00:00","dateModified":"2025-02-25T14:17:53+00:00","description":"O ORE (Observat\u00f3rio da Religi\u00e3o na Escola) \u00e9 um novo programa da Funda\u00e7\u00e3o SM para a educa\u00e7\u00e3o e a sociedade, consistente com a sua longa hist\u00f3ria de servi\u00e7o \u00e0 constru\u00e7\u00e3o social. Nosso objetivo \u00e9 ser refer\u00eancia no ensino das religi\u00f5es nos sistemas educacionais, proporcionando an\u00e1lises e pesquisas voltadas para a comunidade educacional e a sociedade.","breadcrumb":{"@id":"https:\/\/ore.fundacion-sm.org\/pt-br\/quem-somos\/#breadcrumb"},"inLanguage":"pt-BR","potentialAction":[{"@type":"ReadAction","target":["https:\/\/ore.fundacion-sm.org\/pt-br\/quem-somos\/"]}]},{"@type":"ImageObject","inLanguage":"pt-BR","@id":"https:\/\/ore.fundacion-sm.org\/pt-br\/quem-somos\/#primaryimage","url":"https:\/\/ore.fundacion-sm.org\/wp-content\/uploads\/sites\/2\/2023\/06\/destacada-relacionadas-conocenos.png","contentUrl":"https:\/\/ore.fundacion-sm.org\/wp-content\/uploads\/sites\/2\/2023\/06\/destacada-relacionadas-conocenos.png","width":800,"height":540},{"@type":"BreadcrumbList","@id":"https:\/\/ore.fundacion-sm.org\/pt-br\/quem-somos\/#breadcrumb","itemListElement":[{"@type":"ListItem","position":1,"name":"In\u00edcio","item":"https:\/\/ore.fundacion-sm.org\/pt-br\/"},{"@type":"ListItem","position":2,"name":"Quem somos"}]},{"@type":"WebSite","@id":"https:\/\/ore.fundacion-sm.org\/pt-br\/#website","url":"https:\/\/ore.fundacion-sm.org\/pt-br\/","name":"Observat\u00f3rio da Religi\u00e3o na Escola (ORE)","description":"Fundaci\u00f3n SM","publisher":{"@id":"https:\/\/ore.fundacion-sm.org\/pt-br\/#organization"},"alternateName":"ORE","potentialAction":[{"@type":"SearchAction","target":{"@type":"EntryPoint","urlTemplate":"https:\/\/ore.fundacion-sm.org\/pt-br\/?s={search_term_string}"},"query-input":{"@type":"PropertyValueSpecification","valueRequired":true,"valueName":"search_term_string"}}],"inLanguage":"pt-BR"},{"@type":"Organization","@id":"https:\/\/ore.fundacion-sm.org\/pt-br\/#organization","name":"Fundaci\u00f3n SM","url":"https:\/\/ore.fundacion-sm.org\/pt-br\/","logo":{"@type":"ImageObject","inLanguage":"pt-BR","@id":"https:\/\/ore.fundacion-sm.org\/pt-br\/#\/schema\/logo\/image\/","url":"https:\/\/ore.fundacion-sm.org\/wp-content\/uploads\/sites\/2\/2023\/10\/logotipo-fundacion-sm.png","contentUrl":"https:\/\/ore.fundacion-sm.org\/wp-content\/uploads\/sites\/2\/2023\/10\/logotipo-fundacion-sm.png","width":447,"height":85,"caption":"Fundaci\u00f3n SM"},"image":{"@id":"https:\/\/ore.fundacion-sm.org\/pt-br\/#\/schema\/logo\/image\/"}}]}},"_links":{"self":[{"href":"https:\/\/ore.fundacion-sm.org\/pt-br\/wp-json\/wp\/v2\/pages\/302","targetHints":{"allow":["GET"]}}],"collection":[{"href":"https:\/\/ore.fundacion-sm.org\/pt-br\/wp-json\/wp\/v2\/pages"}],"about":[{"href":"https:\/\/ore.fundacion-sm.org\/pt-br\/wp-json\/wp\/v2\/types\/page"}],"author":[{"embeddable":true,"href":"https:\/\/ore.fundacion-sm.org\/pt-br\/wp-json\/wp\/v2\/users\/1"}],"replies":[{"embeddable":true,"href":"https:\/\/ore.fundacion-sm.org\/pt-br\/wp-json\/wp\/v2\/comments?post=302"}],"version-history":[{"count":104,"href":"https:\/\/ore.fundacion-sm.org\/pt-br\/wp-json\/wp\/v2\/pages\/302\/revisions"}],"predecessor-version":[{"id":2190,"href":"https:\/\/ore.fundacion-sm.org\/pt-br\/wp-json\/wp\/v2\/pages\/302\/revisions\/2190"}],"wp:featuredmedia":[{"embeddable":true,"href":"https:\/\/ore.fundacion-sm.org\/pt-br\/wp-json\/wp\/v2\/media\/1035"}],"wp:attachment":[{"href":"https:\/\/ore.fundacion-sm.org\/pt-br\/wp-json\/wp\/v2\/media?parent=302"}],"curies":[{"name":"wp","href":"https:\/\/api.w.org\/{rel}","templated":true}]}}