{"id":1856,"date":"2024-10-14T10:00:50","date_gmt":"2024-10-14T10:00:50","guid":{"rendered":"https:\/\/ore.fundacion-sm.org\/erebarometro-2024\/"},"modified":"2025-02-25T16:05:09","modified_gmt":"2025-02-25T16:05:09","slug":"apresentacao-erebarometro-2024","status":"publish","type":"page","link":"https:\/\/ore.fundacion-sm.org\/pt-br\/apresentacao-erebarometro-2024\/","title":{"rendered":"EREbar\u00f3metro 2024"},"content":{"rendered":"\t\t<div data-elementor-type=\"wp-page\" data-elementor-id=\"1856\" class=\"elementor elementor-1856 elementor-1694\" data-elementor-post-type=\"page\">\n\t\t\t\t\t\t<section class=\"elementor-section elementor-top-section elementor-element elementor-element-6f18584 elementor-section-full_width elementor-section-height-default elementor-section-height-default\" data-id=\"6f18584\" data-element_type=\"section\">\n\t\t\t\t\t\t<div class=\"elementor-container elementor-column-gap-default\">\n\t\t\t\t\t<div class=\"elementor-column elementor-col-100 elementor-top-column elementor-element elementor-element-7635c47\" data-id=\"7635c47\" data-element_type=\"column\">\n\t\t\t<div class=\"elementor-widget-wrap elementor-element-populated\">\n\t\t\t\t\t\t<div class=\"elementor-element elementor-element-79c2c00 elementor-widget elementor-widget-bloque-cabecera-menu\" data-id=\"79c2c00\" data-element_type=\"widget\" data-widget_type=\"bloque-cabecera-menu.default\">\n\t\t\t\t<div class=\"elementor-widget-container\">\n\t\t\t\t\t<header class=\"header normal\">\n    <div id=\"sticky_header\" class=\"no-sticky\">\n        <div class=\"container\">\n            <div class=\"row\">\n                <div class=\"col-12 d-flex justify-content-between align-items-center\">\n                    <div class=\"logo \">\n                        <a href=\"https:\/\/ore.fundacion-sm.org\/pt-br\/\" class=\"custom-logo-link\" rel=\"home\"><img fetchpriority=\"high\" decoding=\"async\" width=\"560\" height=\"112\" src=\"https:\/\/ore.fundacion-sm.org\/wp-content\/uploads\/sites\/2\/2025\/03\/logotipo-portugues.png\" class=\"custom-logo\" alt=\"Logotipo Observat\u00f3rio da Religi\u00e3o na Escola, ORE.\" srcset=\"https:\/\/ore.fundacion-sm.org\/wp-content\/uploads\/sites\/2\/2025\/03\/logotipo-portugues.png 560w, https:\/\/ore.fundacion-sm.org\/wp-content\/uploads\/sites\/2\/2025\/03\/logotipo-portugues-300x60.png 300w\" sizes=\"(max-width: 560px) 100vw, 560px\" \/><\/a>                                            <\/div>\n                    <div class=\"menu-header\">\n                        \n\n                        \n                                                <div id=\"nav-menu\" data-target=\"#main_menu\" data-toggle=\"collapse\" class=\"navbar-toggle openMenu\">\n                          <span><\/span>\n                          <span><\/span>\n                          <span><\/span>\n                          <span><\/span>\n                        <\/div>\n                                            <\/div>\n                                            <!-- MEGAMENU -->\n                        <div class=\"megamenu\">\n                            <div class=\"container\">\n                            <div id=\"cerrarmenu\" class=\"boton-cerrar\"><i class=\"fal fa-times\"><\/i><\/div>\n                            <ul id=\"menu-principal-portugues-brasil\" class=\"dropdown-menu\" itemscope itemtype=\"http:\/\/www.schema.org\/SiteNavigationElement\"><li  id=\"menu-item-306\" class=\"menu-item menu-item-type-post_type menu-item-object-page menu-item-306 nav-item\"><a itemprop=\"url\" href=\"https:\/\/ore.fundacion-sm.org\/pt-br\/quem-somos\/\" class=\"nav-link\"><span itemprop=\"name\">Quem somos<\/span><\/a><\/li>\n<li  id=\"menu-item-307\" class=\"menu-item menu-item-type-post_type menu-item-object-page menu-item-307 nav-item\"><a itemprop=\"url\" href=\"https:\/\/ore.fundacion-sm.org\/pt-br\/inspiracao\/\" class=\"nav-link\"><span itemprop=\"name\">Inspira\u00e7\u00e3o<\/span><\/a><\/li>\n<li  id=\"menu-item-308\" class=\"menu-item menu-item-type-post_type menu-item-object-page menu-item-308 nav-item\"><a itemprop=\"url\" href=\"https:\/\/ore.fundacion-sm.org\/pt-br\/a-religiao-na-escola\/\" class=\"nav-link\"><span itemprop=\"name\">A religi\u00e3o na escola<\/span><\/a><\/li>\n<li  id=\"menu-item-309\" class=\"menu-item menu-item-type-taxonomy menu-item-object-category menu-item-309 nav-item\"><a itemprop=\"url\" href=\"https:\/\/ore.fundacion-sm.org\/pt-br\/noticias-pt-br\/\" class=\"nav-link\"><span itemprop=\"name\">Not\u00edcias<\/span><\/a><\/li>\n<li  id=\"menu-item-310\" class=\"menu-item menu-item-type-taxonomy menu-item-object-category menu-item-310 nav-item\"><a itemprop=\"url\" href=\"https:\/\/ore.fundacion-sm.org\/pt-br\/estudos\/\" class=\"nav-link\"><span itemprop=\"name\">Estudos<\/span><\/a><\/li>\n<li  id=\"menu-item-311\" class=\"menu-item menu-item-type-post_type menu-item-object-page menu-item-311 nav-item\"><a itemprop=\"url\" href=\"https:\/\/ore.fundacion-sm.org\/pt-br\/contato\/\" class=\"nav-link\"><span itemprop=\"name\">Contato<\/span><\/a><\/li>\n<li  id=\"menu-item-wpml-ls-17-es\" class=\"menu-item wpml-ls-slot-17 wpml-ls-item wpml-ls-item-es wpml-ls-menu-item wpml-ls-first-item wpml-ls-last-item menu-item-type-wpml_ls_menu_item menu-item-object-wpml_ls_menu_item menu-item-wpml-ls-17-es nav-item\"><a title=\"Mudar para Espa\u00f1ol\" itemprop=\"url\" href=\"https:\/\/ore.fundacion-sm.org\/\" class=\"nav-link\" aria-label=\"Mudar para Espa\u00f1ol\" role=\"menuitem\"><span itemprop=\"name\"><span class=\"wpml-ls-native\" lang=\"es\">Espa\u00f1ol<\/span><\/span><\/a><\/li>\n<\/ul>                            <\/div>\n                        <\/div>\n                                    <\/div>\n            <\/div>    \n        <\/div>\n            <\/div>\n<\/header>\t\t\t\t<\/div>\n\t\t\t\t<\/div>\n\t\t\t\t<div class=\"elementor-element elementor-element-c0aea7b elementor-widget elementor-widget-bloque-cabecera-texto\" data-id=\"c0aea7b\" data-element_type=\"widget\" data-widget_type=\"bloque-cabecera-texto.default\">\n\t\t\t\t<div class=\"elementor-widget-container\">\n\t\t\t\t\t<!-- Texto cabecera texto-->\n<div class=\"ruta-de-migas\">\n    <div class=\"container\">\n            <div data-aos=\"fade-right\" data-aos-duration=\"700\"><ol class=\"breadcrumb\"><li><a href=\"https:\/\/ore.fundacion-sm.org\/pt-br\/\">In\u00edcio<\/a><\/li><\/ol><\/div>        <\/div>\n<\/div>\n<section class=\"bloque bloque-cabecera-texto \">\n    <div class=\"container\">\n        <h1 class=\"titulos\" data-aos=\"fade-left\" data-aos-duration=\"700\">Apresenta\u00e7\u00e3o do EREbar\u00f4metro no espa\u00e7o O_Lumen<\/h1>    <\/div>\n<\/section>\t\t\t\t<\/div>\n\t\t\t\t<\/div>\n\t\t\t\t<div class=\"elementor-element elementor-element-5586941 elementor-widget elementor-widget-bloque-texto\" data-id=\"5586941\" data-element_type=\"widget\" data-widget_type=\"bloque-texto.default\">\n\t\t\t\t<div class=\"elementor-widget-container\">\n\t\t\t\t\t<!-- Texto a 2 columnas-->\n<section class=\"bloque bloque-texto  mb-0\">\n    <div class=\"container\">\n                <div class=\"subtitulos\" data-aos=\"fade-left\" data-aos-duration=\"700\"><p>Voc\u00ea pode v\u00ea-la no YouTube<\/p><\/div>\n                <div class=\"estrecho2\">\n            <div class=\"row\">\n                <div class=\"col-sm-12\">\n                    <div class=\"the_content\" data-aos=\"fade-up\" data-aos-duration=\"700\">\n                                            <\/div>\n                <\/div>\n            <\/div>\n        <\/div>\n    <\/div>\n<\/section>\t\t\t\t<\/div>\n\t\t\t\t<\/div>\n\t\t\t\t<div class=\"elementor-element elementor-element-121f605 elementor-widget elementor-widget-bloque-video\" data-id=\"121f605\" data-element_type=\"widget\" data-widget_type=\"bloque-video.default\">\n\t\t\t\t<div class=\"elementor-widget-container\">\n\t\t\t\t\t\n<!-- Bloque video -->\n<section class=\"bloque bloque-video  \">\n    <div class=\"container\">\n                                <div class=\"estrecho\">\n            <div class=\"row justify-content-md-center\">\n                <div class=\"col-sm-12\">\n                    <div class=\"ratio ratio-16x9\"  data-aos=\"fade\" data-aos-duration=\"700\">\n                                                    <lite-youtube videoid=\"_L0ZpbVZs1k\" playlabel=\"Ver video\"><\/lite-youtube>\n                                            <\/div>\n                <\/div>\n            <\/div>\n        <\/div>\n    <\/div>\n<\/section>\t\t\t\t<\/div>\n\t\t\t\t<\/div>\n\t\t\t\t<div class=\"elementor-element elementor-element-10e032c elementor-widget elementor-widget-bloque-texto\" data-id=\"10e032c\" data-element_type=\"widget\" data-widget_type=\"bloque-texto.default\">\n\t\t\t\t<div class=\"elementor-widget-container\">\n\t\t\t\t\t<!-- Texto a 2 columnas-->\n<section class=\"bloque bloque-texto  \">\n    <div class=\"container\">\n                <div class=\"estrecho2\">\n            <div class=\"row\">\n                <div class=\"col-sm-12\">\n                    <div class=\"the_content\" data-aos=\"fade-up\" data-aos-duration=\"700\">\n                        <p>O <a href=\"https:\/\/ore.fundacion-sm.org\/pt-br\/\">Observat\u00f3rio da Religi\u00e3o na Escola (ORE)<\/a> apresenta seu primeiro <strong>EREbar\u00f4metro<\/strong> no qual examinou o impacto da LOMLOE nos ensinos de religi\u00e3o. <a href=\"https:\/\/ore.fundacion-sm.org\/pt-br\/seminario2024\/\">O III Semin\u00e1rio do ORE<\/a> j\u00e1 analisou em maio as consequ\u00eancias das novidades pedag\u00f3gicas e da legisla\u00e7\u00e3o sobre o ERE com a participa\u00e7\u00e3o das diversas denomina\u00e7\u00f5es religiosas. Agora, com a participa\u00e7\u00e3o dos professores de Ensino Religioso, atrav\u00e9s de uma pesquisa realizada em junho, temos uma an\u00e1lise mais completa da situa\u00e7\u00e3o atual das aulas da disciplina.<\/p>\n<p><strong>No dia 23 de outubro, \u00e0s 18h, convidamos voc\u00ea para este evento. Apresentaremos os resultados da pesquisa no espa\u00e7o O_Lumen (C\/ Claudio Coello 141, Madri, Espanha)<\/strong> e os analisaremos junto com voc\u00ea, para transmitir as conclus\u00f5es \u00e0 opini\u00e3o p\u00fablica.<\/p>\n<p><strong>Se ainda n\u00e3o se inscreveu para este evento e deseja receber materiais de pesquisa e estar em dia com as publica\u00e7\u00f5es, pesquisas e an\u00e1lises do ORE, ainda pode se inscrever para que possamos envi\u00e1-los para voc\u00ea.<\/strong><\/p>\n                    <\/div>\n                <\/div>\n            <\/div>\n        <\/div>\n    <\/div>\n<\/section>\t\t\t\t<\/div>\n\t\t\t\t<\/div>\n\t\t\t\t\t<\/div>\n\t\t<\/div>\n\t\t\t\t\t<\/div>\n\t\t<\/section>\n\t\t\t\t<\/div>\n\t\t","protected":false},"excerpt":{"rendered":"<p>Quem somos Inspira\u00e7\u00e3o A religi\u00e3o na escola Not\u00edcias Estudos Contato Inicio Apresenta\u00e7\u00e3o do EREbar\u00f4metro no espa\u00e7o O_Lumen Voc\u00ea pode v\u00ea-la no YouTube O Observat\u00f3rio da Religi\u00e3o na Escola (ORE) apresenta seu primeiro EREbar\u00f4metro no qual examinou o impacto da LOMLOE nos ensinos de religi\u00e3o. O III Semin\u00e1rio do ORE j\u00e1 analisou em maio as consequ\u00eancias [&hellip;]<\/p>\n","protected":false},"author":2,"featured_media":1696,"parent":0,"menu_order":12,"comment_status":"closed","ping_status":"closed","template":"","meta":{"_acf_changed":false,"footnotes":""},"class_list":["post-1856","page","type-page","status-publish","has-post-thumbnail","hentry"],"acf":[],"yoast_head":"<!-- This site is optimized with the Yoast SEO plugin v26.7 - https:\/\/yoast.com\/wordpress\/plugins\/seo\/ -->\n<title>EREbar\u00f3metro 2024 - Observat\u00f3rio da Religi\u00e3o na Escola (ORE)<\/title>\n<meta name=\"description\" content=\"O III Semin\u00e1rio ORE analisou o impacto da LOMLOE na ERE, tanto na sua nova regulamenta\u00e7\u00e3o como nos seus novos curr\u00edculos. Para completar esta avalia\u00e7\u00e3o, quer\u00edamos passar a palavra aos professores de religi\u00e3o por meio do nosso EREbar\u00f4metro 2024.\" \/>\n<meta name=\"robots\" content=\"index, follow, max-snippet:-1, max-image-preview:large, max-video-preview:-1\" \/>\n<link rel=\"canonical\" href=\"https:\/\/ore.fundacion-sm.org\/pt-br\/apresentacao-erebarometro-2024\/\" \/>\n<meta property=\"og:locale\" content=\"pt_BR\" \/>\n<meta property=\"og:type\" content=\"article\" \/>\n<meta property=\"og:title\" content=\"EREbar\u00f3metro 2024 - Observat\u00f3rio da Religi\u00e3o na Escola (ORE)\" \/>\n<meta property=\"og:description\" content=\"O III Semin\u00e1rio ORE analisou o impacto da LOMLOE na ERE, tanto na sua nova regulamenta\u00e7\u00e3o como nos seus novos curr\u00edculos. Para completar esta avalia\u00e7\u00e3o, quer\u00edamos passar a palavra aos professores de religi\u00e3o por meio do nosso EREbar\u00f4metro 2024.\" \/>\n<meta property=\"og:url\" content=\"https:\/\/ore.fundacion-sm.org\/pt-br\/apresentacao-erebarometro-2024\/\" \/>\n<meta property=\"og:site_name\" content=\"Observat\u00f3rio da Religi\u00e3o na Escola (ORE)\" \/>\n<meta property=\"article:modified_time\" content=\"2025-02-25T16:05:09+00:00\" \/>\n<meta property=\"og:image\" content=\"https:\/\/ore.fundacion-sm.org\/wp-content\/uploads\/sites\/2\/2024\/10\/portada-landing-erebarometro2024.png\" \/>\n\t<meta property=\"og:image:width\" content=\"1140\" \/>\n\t<meta property=\"og:image:height\" content=\"760\" \/>\n\t<meta property=\"og:image:type\" content=\"image\/png\" \/>\n<meta name=\"twitter:card\" content=\"summary_large_image\" \/>\n<script type=\"application\/ld+json\" class=\"yoast-schema-graph\">{\"@context\":\"https:\/\/schema.org\",\"@graph\":[{\"@type\":\"WebPage\",\"@id\":\"https:\/\/ore.fundacion-sm.org\/pt-br\/apresentacao-erebarometro-2024\/\",\"url\":\"https:\/\/ore.fundacion-sm.org\/pt-br\/apresentacao-erebarometro-2024\/\",\"name\":\"EREbar\u00f3metro 2024 - Observat\u00f3rio da Religi\u00e3o na Escola (ORE)\",\"isPartOf\":{\"@id\":\"https:\/\/ore.fundacion-sm.org\/pt-br\/#website\"},\"primaryImageOfPage\":{\"@id\":\"https:\/\/ore.fundacion-sm.org\/pt-br\/apresentacao-erebarometro-2024\/#primaryimage\"},\"image\":{\"@id\":\"https:\/\/ore.fundacion-sm.org\/pt-br\/apresentacao-erebarometro-2024\/#primaryimage\"},\"thumbnailUrl\":\"https:\/\/ore.fundacion-sm.org\/wp-content\/uploads\/sites\/2\/2024\/10\/portada-landing-erebarometro2024.png\",\"datePublished\":\"2024-10-14T10:00:50+00:00\",\"dateModified\":\"2025-02-25T16:05:09+00:00\",\"description\":\"O III Semin\u00e1rio ORE analisou o impacto da LOMLOE na ERE, tanto na sua nova regulamenta\u00e7\u00e3o como nos seus novos curr\u00edculos. Para completar esta avalia\u00e7\u00e3o, quer\u00edamos passar a palavra aos professores de religi\u00e3o por meio do nosso EREbar\u00f4metro 2024.\",\"breadcrumb\":{\"@id\":\"https:\/\/ore.fundacion-sm.org\/pt-br\/apresentacao-erebarometro-2024\/#breadcrumb\"},\"inLanguage\":\"pt-BR\",\"potentialAction\":[{\"@type\":\"ReadAction\",\"target\":[\"https:\/\/ore.fundacion-sm.org\/pt-br\/apresentacao-erebarometro-2024\/\"]}]},{\"@type\":\"ImageObject\",\"inLanguage\":\"pt-BR\",\"@id\":\"https:\/\/ore.fundacion-sm.org\/pt-br\/apresentacao-erebarometro-2024\/#primaryimage\",\"url\":\"https:\/\/ore.fundacion-sm.org\/wp-content\/uploads\/sites\/2\/2024\/10\/portada-landing-erebarometro2024.png\",\"contentUrl\":\"https:\/\/ore.fundacion-sm.org\/wp-content\/uploads\/sites\/2\/2024\/10\/portada-landing-erebarometro2024.png\",\"width\":1140,\"height\":760,\"caption\":\"EREBar\u00f3metro 2024\"},{\"@type\":\"BreadcrumbList\",\"@id\":\"https:\/\/ore.fundacion-sm.org\/pt-br\/apresentacao-erebarometro-2024\/#breadcrumb\",\"itemListElement\":[{\"@type\":\"ListItem\",\"position\":1,\"name\":\"In\u00edcio\",\"item\":\"https:\/\/ore.fundacion-sm.org\/pt-br\/\"},{\"@type\":\"ListItem\",\"position\":2,\"name\":\"EREbar\u00f3metro 2024\"}]},{\"@type\":\"WebSite\",\"@id\":\"https:\/\/ore.fundacion-sm.org\/pt-br\/#website\",\"url\":\"https:\/\/ore.fundacion-sm.org\/pt-br\/\",\"name\":\"Observat\u00f3rio da Religi\u00e3o na Escola (ORE)\",\"description\":\"Fundaci\u00f3n SM\",\"publisher\":{\"@id\":\"https:\/\/ore.fundacion-sm.org\/pt-br\/#organization\"},\"alternateName\":\"ORE\",\"potentialAction\":[{\"@type\":\"SearchAction\",\"target\":{\"@type\":\"EntryPoint\",\"urlTemplate\":\"https:\/\/ore.fundacion-sm.org\/pt-br\/?s={search_term_string}\"},\"query-input\":{\"@type\":\"PropertyValueSpecification\",\"valueRequired\":true,\"valueName\":\"search_term_string\"}}],\"inLanguage\":\"pt-BR\"},{\"@type\":\"Organization\",\"@id\":\"https:\/\/ore.fundacion-sm.org\/pt-br\/#organization\",\"name\":\"Fundaci\u00f3n SM\",\"url\":\"https:\/\/ore.fundacion-sm.org\/pt-br\/\",\"logo\":{\"@type\":\"ImageObject\",\"inLanguage\":\"pt-BR\",\"@id\":\"https:\/\/ore.fundacion-sm.org\/pt-br\/#\/schema\/logo\/image\/\",\"url\":\"https:\/\/ore.fundacion-sm.org\/wp-content\/uploads\/sites\/2\/2023\/10\/logotipo-fundacion-sm.png\",\"contentUrl\":\"https:\/\/ore.fundacion-sm.org\/wp-content\/uploads\/sites\/2\/2023\/10\/logotipo-fundacion-sm.png\",\"width\":447,\"height\":85,\"caption\":\"Fundaci\u00f3n SM\"},\"image\":{\"@id\":\"https:\/\/ore.fundacion-sm.org\/pt-br\/#\/schema\/logo\/image\/\"}}]}<\/script>\n<!-- \/ Yoast SEO plugin. -->","yoast_head_json":{"title":"EREbar\u00f3metro 2024 - Observat\u00f3rio da Religi\u00e3o na Escola (ORE)","description":"O III Semin\u00e1rio ORE analisou o impacto da LOMLOE na ERE, tanto na sua nova regulamenta\u00e7\u00e3o como nos seus novos curr\u00edculos. Para completar esta avalia\u00e7\u00e3o, quer\u00edamos passar a palavra aos professores de religi\u00e3o por meio do nosso EREbar\u00f4metro 2024.","robots":{"index":"index","follow":"follow","max-snippet":"max-snippet:-1","max-image-preview":"max-image-preview:large","max-video-preview":"max-video-preview:-1"},"canonical":"https:\/\/ore.fundacion-sm.org\/pt-br\/apresentacao-erebarometro-2024\/","og_locale":"pt_BR","og_type":"article","og_title":"EREbar\u00f3metro 2024 - Observat\u00f3rio da Religi\u00e3o na Escola (ORE)","og_description":"O III Semin\u00e1rio ORE analisou o impacto da LOMLOE na ERE, tanto na sua nova regulamenta\u00e7\u00e3o como nos seus novos curr\u00edculos. Para completar esta avalia\u00e7\u00e3o, quer\u00edamos passar a palavra aos professores de religi\u00e3o por meio do nosso EREbar\u00f4metro 2024.","og_url":"https:\/\/ore.fundacion-sm.org\/pt-br\/apresentacao-erebarometro-2024\/","og_site_name":"Observat\u00f3rio da Religi\u00e3o na Escola (ORE)","article_modified_time":"2025-02-25T16:05:09+00:00","og_image":[{"width":1140,"height":760,"url":"https:\/\/ore.fundacion-sm.org\/wp-content\/uploads\/sites\/2\/2024\/10\/portada-landing-erebarometro2024.png","type":"image\/png"}],"twitter_card":"summary_large_image","schema":{"@context":"https:\/\/schema.org","@graph":[{"@type":"WebPage","@id":"https:\/\/ore.fundacion-sm.org\/pt-br\/apresentacao-erebarometro-2024\/","url":"https:\/\/ore.fundacion-sm.org\/pt-br\/apresentacao-erebarometro-2024\/","name":"EREbar\u00f3metro 2024 - Observat\u00f3rio da Religi\u00e3o na Escola (ORE)","isPartOf":{"@id":"https:\/\/ore.fundacion-sm.org\/pt-br\/#website"},"primaryImageOfPage":{"@id":"https:\/\/ore.fundacion-sm.org\/pt-br\/apresentacao-erebarometro-2024\/#primaryimage"},"image":{"@id":"https:\/\/ore.fundacion-sm.org\/pt-br\/apresentacao-erebarometro-2024\/#primaryimage"},"thumbnailUrl":"https:\/\/ore.fundacion-sm.org\/wp-content\/uploads\/sites\/2\/2024\/10\/portada-landing-erebarometro2024.png","datePublished":"2024-10-14T10:00:50+00:00","dateModified":"2025-02-25T16:05:09+00:00","description":"O III Semin\u00e1rio ORE analisou o impacto da LOMLOE na ERE, tanto na sua nova regulamenta\u00e7\u00e3o como nos seus novos curr\u00edculos. Para completar esta avalia\u00e7\u00e3o, quer\u00edamos passar a palavra aos professores de religi\u00e3o por meio do nosso EREbar\u00f4metro 2024.","breadcrumb":{"@id":"https:\/\/ore.fundacion-sm.org\/pt-br\/apresentacao-erebarometro-2024\/#breadcrumb"},"inLanguage":"pt-BR","potentialAction":[{"@type":"ReadAction","target":["https:\/\/ore.fundacion-sm.org\/pt-br\/apresentacao-erebarometro-2024\/"]}]},{"@type":"ImageObject","inLanguage":"pt-BR","@id":"https:\/\/ore.fundacion-sm.org\/pt-br\/apresentacao-erebarometro-2024\/#primaryimage","url":"https:\/\/ore.fundacion-sm.org\/wp-content\/uploads\/sites\/2\/2024\/10\/portada-landing-erebarometro2024.png","contentUrl":"https:\/\/ore.fundacion-sm.org\/wp-content\/uploads\/sites\/2\/2024\/10\/portada-landing-erebarometro2024.png","width":1140,"height":760,"caption":"EREBar\u00f3metro 2024"},{"@type":"BreadcrumbList","@id":"https:\/\/ore.fundacion-sm.org\/pt-br\/apresentacao-erebarometro-2024\/#breadcrumb","itemListElement":[{"@type":"ListItem","position":1,"name":"In\u00edcio","item":"https:\/\/ore.fundacion-sm.org\/pt-br\/"},{"@type":"ListItem","position":2,"name":"EREbar\u00f3metro 2024"}]},{"@type":"WebSite","@id":"https:\/\/ore.fundacion-sm.org\/pt-br\/#website","url":"https:\/\/ore.fundacion-sm.org\/pt-br\/","name":"Observat\u00f3rio da Religi\u00e3o na Escola (ORE)","description":"Fundaci\u00f3n SM","publisher":{"@id":"https:\/\/ore.fundacion-sm.org\/pt-br\/#organization"},"alternateName":"ORE","potentialAction":[{"@type":"SearchAction","target":{"@type":"EntryPoint","urlTemplate":"https:\/\/ore.fundacion-sm.org\/pt-br\/?s={search_term_string}"},"query-input":{"@type":"PropertyValueSpecification","valueRequired":true,"valueName":"search_term_string"}}],"inLanguage":"pt-BR"},{"@type":"Organization","@id":"https:\/\/ore.fundacion-sm.org\/pt-br\/#organization","name":"Fundaci\u00f3n SM","url":"https:\/\/ore.fundacion-sm.org\/pt-br\/","logo":{"@type":"ImageObject","inLanguage":"pt-BR","@id":"https:\/\/ore.fundacion-sm.org\/pt-br\/#\/schema\/logo\/image\/","url":"https:\/\/ore.fundacion-sm.org\/wp-content\/uploads\/sites\/2\/2023\/10\/logotipo-fundacion-sm.png","contentUrl":"https:\/\/ore.fundacion-sm.org\/wp-content\/uploads\/sites\/2\/2023\/10\/logotipo-fundacion-sm.png","width":447,"height":85,"caption":"Fundaci\u00f3n SM"},"image":{"@id":"https:\/\/ore.fundacion-sm.org\/pt-br\/#\/schema\/logo\/image\/"}}]}},"_links":{"self":[{"href":"https:\/\/ore.fundacion-sm.org\/pt-br\/wp-json\/wp\/v2\/pages\/1856","targetHints":{"allow":["GET"]}}],"collection":[{"href":"https:\/\/ore.fundacion-sm.org\/pt-br\/wp-json\/wp\/v2\/pages"}],"about":[{"href":"https:\/\/ore.fundacion-sm.org\/pt-br\/wp-json\/wp\/v2\/types\/page"}],"author":[{"embeddable":true,"href":"https:\/\/ore.fundacion-sm.org\/pt-br\/wp-json\/wp\/v2\/users\/2"}],"replies":[{"embeddable":true,"href":"https:\/\/ore.fundacion-sm.org\/pt-br\/wp-json\/wp\/v2\/comments?post=1856"}],"version-history":[{"count":12,"href":"https:\/\/ore.fundacion-sm.org\/pt-br\/wp-json\/wp\/v2\/pages\/1856\/revisions"}],"predecessor-version":[{"id":2285,"href":"https:\/\/ore.fundacion-sm.org\/pt-br\/wp-json\/wp\/v2\/pages\/1856\/revisions\/2285"}],"wp:featuredmedia":[{"embeddable":true,"href":"https:\/\/ore.fundacion-sm.org\/pt-br\/wp-json\/wp\/v2\/media\/1696"}],"wp:attachment":[{"href":"https:\/\/ore.fundacion-sm.org\/pt-br\/wp-json\/wp\/v2\/media?parent=1856"}],"curies":[{"name":"wp","href":"https:\/\/api.w.org\/{rel}","templated":true}]}}