{"id":1288,"date":"2023-06-14T11:24:22","date_gmt":"2023-06-14T11:24:22","guid":{"rendered":"https:\/\/ore.fundacion-sm.org\/condiciones-de-uso\/"},"modified":"2025-02-27T09:24:16","modified_gmt":"2025-02-27T09:24:16","slug":"termos-de-uso","status":"publish","type":"page","link":"https:\/\/ore.fundacion-sm.org\/pt-br\/termos-de-uso\/","title":{"rendered":"Termos de uso"},"content":{"rendered":"\t\t<div data-elementor-type=\"wp-page\" data-elementor-id=\"1288\" class=\"elementor elementor-1288 elementor-103\" data-elementor-post-type=\"page\">\n\t\t\t\t\t\t<section class=\"elementor-section elementor-top-section elementor-element elementor-element-c747eac elementor-section-full_width elementor-section-height-default elementor-section-height-default\" data-id=\"c747eac\" data-element_type=\"section\">\n\t\t\t\t\t\t<div class=\"elementor-container elementor-column-gap-default\">\n\t\t\t\t\t<div class=\"elementor-column elementor-col-100 elementor-top-column elementor-element elementor-element-0d986d6\" data-id=\"0d986d6\" data-element_type=\"column\">\n\t\t\t<div class=\"elementor-widget-wrap elementor-element-populated\">\n\t\t\t\t\t\t<div class=\"elementor-element elementor-element-15360e6 elementor-widget elementor-widget-bloque-cabecera-menu\" data-id=\"15360e6\" data-element_type=\"widget\" data-widget_type=\"bloque-cabecera-menu.default\">\n\t\t\t\t<div class=\"elementor-widget-container\">\n\t\t\t\t\t<header class=\"header normal\">\n    <div id=\"sticky_header\" class=\"no-sticky\">\n        <div class=\"container\">\n            <div class=\"row\">\n                <div class=\"col-12 d-flex justify-content-between align-items-center\">\n                    <div class=\"logo \">\n                        <a href=\"https:\/\/ore.fundacion-sm.org\/pt-br\/\" class=\"custom-logo-link\" rel=\"home\"><img fetchpriority=\"high\" decoding=\"async\" width=\"560\" height=\"112\" src=\"https:\/\/ore.fundacion-sm.org\/wp-content\/uploads\/sites\/2\/2025\/03\/logotipo-portugues.png\" class=\"custom-logo\" alt=\"Logotipo Observat\u00f3rio da Religi\u00e3o na Escola, ORE.\" srcset=\"https:\/\/ore.fundacion-sm.org\/wp-content\/uploads\/sites\/2\/2025\/03\/logotipo-portugues.png 560w, https:\/\/ore.fundacion-sm.org\/wp-content\/uploads\/sites\/2\/2025\/03\/logotipo-portugues-300x60.png 300w\" sizes=\"(max-width: 560px) 100vw, 560px\" \/><\/a>                                            <\/div>\n                    <div class=\"menu-header\">\n                        \n\n                        \n                                                <div id=\"nav-menu\" data-target=\"#main_menu\" data-toggle=\"collapse\" class=\"navbar-toggle openMenu\">\n                          <span><\/span>\n                          <span><\/span>\n                          <span><\/span>\n                          <span><\/span>\n                        <\/div>\n                                            <\/div>\n                                            <!-- MEGAMENU -->\n                        <div class=\"megamenu\">\n                            <div class=\"container\">\n                            <div id=\"cerrarmenu\" class=\"boton-cerrar\"><i class=\"fal fa-times\"><\/i><\/div>\n                            <ul id=\"menu-principal-portugues-brasil\" class=\"dropdown-menu\" itemscope itemtype=\"http:\/\/www.schema.org\/SiteNavigationElement\"><li  id=\"menu-item-306\" class=\"menu-item menu-item-type-post_type menu-item-object-page menu-item-306 nav-item\"><a itemprop=\"url\" href=\"https:\/\/ore.fundacion-sm.org\/pt-br\/quem-somos\/\" class=\"nav-link\"><span itemprop=\"name\">Quem somos<\/span><\/a><\/li>\n<li  id=\"menu-item-307\" class=\"menu-item menu-item-type-post_type menu-item-object-page menu-item-307 nav-item\"><a itemprop=\"url\" href=\"https:\/\/ore.fundacion-sm.org\/pt-br\/inspiracao\/\" class=\"nav-link\"><span itemprop=\"name\">Inspira\u00e7\u00e3o<\/span><\/a><\/li>\n<li  id=\"menu-item-308\" class=\"menu-item menu-item-type-post_type menu-item-object-page menu-item-308 nav-item\"><a itemprop=\"url\" href=\"https:\/\/ore.fundacion-sm.org\/pt-br\/a-religiao-na-escola\/\" class=\"nav-link\"><span itemprop=\"name\">A religi\u00e3o na escola<\/span><\/a><\/li>\n<li  id=\"menu-item-309\" class=\"menu-item menu-item-type-taxonomy menu-item-object-category menu-item-309 nav-item\"><a itemprop=\"url\" href=\"https:\/\/ore.fundacion-sm.org\/pt-br\/noticias-pt-br\/\" class=\"nav-link\"><span itemprop=\"name\">Not\u00edcias<\/span><\/a><\/li>\n<li  id=\"menu-item-310\" class=\"menu-item menu-item-type-taxonomy menu-item-object-category menu-item-310 nav-item\"><a itemprop=\"url\" href=\"https:\/\/ore.fundacion-sm.org\/pt-br\/estudos\/\" class=\"nav-link\"><span itemprop=\"name\">Estudos<\/span><\/a><\/li>\n<li  id=\"menu-item-311\" class=\"menu-item menu-item-type-post_type menu-item-object-page menu-item-311 nav-item\"><a itemprop=\"url\" href=\"https:\/\/ore.fundacion-sm.org\/pt-br\/contato\/\" class=\"nav-link\"><span itemprop=\"name\">Contato<\/span><\/a><\/li>\n<li  id=\"menu-item-wpml-ls-17-es\" class=\"menu-item wpml-ls-slot-17 wpml-ls-item wpml-ls-item-es wpml-ls-menu-item wpml-ls-first-item wpml-ls-last-item menu-item-type-wpml_ls_menu_item menu-item-object-wpml_ls_menu_item menu-item-wpml-ls-17-es nav-item\"><a title=\"Mudar para Espa\u00f1ol\" itemprop=\"url\" href=\"https:\/\/ore.fundacion-sm.org\/\" class=\"nav-link\" aria-label=\"Mudar para Espa\u00f1ol\" role=\"menuitem\"><span itemprop=\"name\"><span class=\"wpml-ls-native\" lang=\"es\">Espa\u00f1ol<\/span><\/span><\/a><\/li>\n<\/ul>                            <\/div>\n                        <\/div>\n                                    <\/div>\n            <\/div>    \n        <\/div>\n            <\/div>\n<\/header>\t\t\t\t<\/div>\n\t\t\t\t<\/div>\n\t\t\t\t<div class=\"elementor-element elementor-element-845113d elementor-widget elementor-widget-bloque-cabecera-texto\" data-id=\"845113d\" data-element_type=\"widget\" data-widget_type=\"bloque-cabecera-texto.default\">\n\t\t\t\t<div class=\"elementor-widget-container\">\n\t\t\t\t\t<!-- Texto cabecera texto-->\n<div class=\"ruta-de-migas\">\n    <div class=\"container\">\n            <div data-aos=\"fade-right\" data-aos-duration=\"700\"><ol class=\"breadcrumb\"><li><a href=\"https:\/\/ore.fundacion-sm.org\/pt-br\/\">In\u00edcio<\/a><\/li><\/ol><\/div>        <\/div>\n<\/div>\n<section class=\"bloque bloque-cabecera-texto \">\n    <div class=\"container\">\n        <h1 class=\"titulos\" data-aos=\"fade-left\" data-aos-duration=\"700\">Termos de uso<\/h1>    <\/div>\n<\/section>\t\t\t\t<\/div>\n\t\t\t\t<\/div>\n\t\t\t\t<div class=\"elementor-element elementor-element-d6656bc elementor-widget elementor-widget-bloque-texto\" data-id=\"d6656bc\" data-element_type=\"widget\" data-widget_type=\"bloque-texto.default\">\n\t\t\t\t<div class=\"elementor-widget-container\">\n\t\t\t\t\t<!-- Texto a 2 columnas-->\n<section class=\"bloque bloque-texto  \">\n    <div class=\"container\">\n                <div class=\"estrecho2\">\n            <div class=\"row\">\n                <div class=\"col-sm-12\">\n                    <div class=\"the_content\" data-aos=\"fade-up\" data-aos-duration=\"700\">\n                        <p><script id=\"admindpo\" src=\"https:\/\/admindpo.grupo-sm.com\/dpoclient_v2.min.js\" data-baseurl=\"https:\/\/admindpo.grupo-sm.com\" data-sitename=\"ms-fundacion-ore\" data-document-type=\"use-conditions\" data-language=\"pt\"><\/script><\/p>\n                    <\/div>\n                <\/div>\n            <\/div>\n        <\/div>\n    <\/div>\n<\/section>\t\t\t\t<\/div>\n\t\t\t\t<\/div>\n\t\t\t\t\t<\/div>\n\t\t<\/div>\n\t\t\t\t\t<\/div>\n\t\t<\/section>\n\t\t\t\t<\/div>\n\t\t","protected":false},"excerpt":{"rendered":"<p>Quem somos Inspira\u00e7\u00e3o A religi\u00e3o na escola Not\u00edcias Estudos Contato Inicio Termos de uso<\/p>\n","protected":false},"author":1,"featured_media":0,"parent":0,"menu_order":51,"comment_status":"closed","ping_status":"closed","template":"","meta":{"_acf_changed":false,"footnotes":""},"class_list":["post-1288","page","type-page","status-publish","hentry"],"acf":[],"yoast_head":"<!-- This site is optimized with the Yoast SEO plugin v26.7 - https:\/\/yoast.com\/wordpress\/plugins\/seo\/ -->\n<title>Termos de uso - Observat\u00f3rio da Religi\u00e3o na Escola (ORE)<\/title>\n<meta name=\"description\" content=\"Quem somos Inspira\u00e7\u00e3o A religi\u00e3o na escola Not\u00edcias Estudos Contato                         Inicio         Termos de uso\" \/>\n<meta name=\"robots\" content=\"noindex, nofollow\" \/>\n<meta property=\"og:locale\" content=\"pt_BR\" \/>\n<meta property=\"og:type\" content=\"article\" \/>\n<meta property=\"og:title\" content=\"Termos de uso - Observat\u00f3rio da Religi\u00e3o na Escola (ORE)\" \/>\n<meta property=\"og:description\" content=\"Quem somos Inspira\u00e7\u00e3o A religi\u00e3o na escola Not\u00edcias Estudos Contato                         Inicio         Termos de uso\" \/>\n<meta property=\"og:url\" content=\"https:\/\/ore.fundacion-sm.org\/pt-br\/termos-de-uso\/\" \/>\n<meta property=\"og:site_name\" content=\"Observat\u00f3rio da Religi\u00e3o na Escola (ORE)\" \/>\n<meta property=\"article:modified_time\" content=\"2025-02-27T09:24:16+00:00\" \/>\n<meta property=\"og:image\" content=\"https:\/\/ore.fundacion-sm.org\/wp-content\/uploads\/sites\/2\/2023\/11\/logo-ORE.png\" \/>\n<meta name=\"twitter:card\" content=\"summary_large_image\" \/>\n<script type=\"application\/ld+json\" class=\"yoast-schema-graph\">{\"@context\":\"https:\/\/schema.org\",\"@graph\":[{\"@type\":\"WebPage\",\"@id\":\"https:\/\/ore.fundacion-sm.org\/pt-br\/termos-de-uso\/\",\"url\":\"https:\/\/ore.fundacion-sm.org\/pt-br\/termos-de-uso\/\",\"name\":\"Termos de uso - Observat\u00f3rio da Religi\u00e3o na Escola (ORE)\",\"isPartOf\":{\"@id\":\"https:\/\/ore.fundacion-sm.org\/pt-br\/#website\"},\"primaryImageOfPage\":{\"@id\":\"https:\/\/ore.fundacion-sm.org\/pt-br\/termos-de-uso\/#primaryimage\"},\"image\":{\"@id\":\"https:\/\/ore.fundacion-sm.org\/pt-br\/termos-de-uso\/#primaryimage\"},\"thumbnailUrl\":\"https:\/\/ore.fundacion-sm.org\/wp-content\/uploads\/sites\/2\/2023\/11\/logo-ORE.png\",\"datePublished\":\"2023-06-14T11:24:22+00:00\",\"dateModified\":\"2025-02-27T09:24:16+00:00\",\"description\":\"Quem somos Inspira\u00e7\u00e3o A religi\u00e3o na escola Not\u00edcias Estudos Contato Inicio Termos de uso\",\"breadcrumb\":{\"@id\":\"https:\/\/ore.fundacion-sm.org\/pt-br\/termos-de-uso\/#breadcrumb\"},\"inLanguage\":\"pt-BR\",\"potentialAction\":[{\"@type\":\"ReadAction\",\"target\":[\"https:\/\/ore.fundacion-sm.org\/pt-br\/termos-de-uso\/\"]}]},{\"@type\":\"ImageObject\",\"inLanguage\":\"pt-BR\",\"@id\":\"https:\/\/ore.fundacion-sm.org\/pt-br\/termos-de-uso\/#primaryimage\",\"url\":\"https:\/\/ore.fundacion-sm.org\/wp-content\/uploads\/sites\/2\/2023\/11\/logo-ORE.png\",\"contentUrl\":\"https:\/\/ore.fundacion-sm.org\/wp-content\/uploads\/sites\/2\/2023\/11\/logo-ORE.png\"},{\"@type\":\"BreadcrumbList\",\"@id\":\"https:\/\/ore.fundacion-sm.org\/pt-br\/termos-de-uso\/#breadcrumb\",\"itemListElement\":[{\"@type\":\"ListItem\",\"position\":1,\"name\":\"In\u00edcio\",\"item\":\"https:\/\/ore.fundacion-sm.org\/pt-br\/\"},{\"@type\":\"ListItem\",\"position\":2,\"name\":\"Termos de uso\"}]},{\"@type\":\"WebSite\",\"@id\":\"https:\/\/ore.fundacion-sm.org\/pt-br\/#website\",\"url\":\"https:\/\/ore.fundacion-sm.org\/pt-br\/\",\"name\":\"Observat\u00f3rio da Religi\u00e3o na Escola (ORE)\",\"description\":\"Fundaci\u00f3n SM\",\"publisher\":{\"@id\":\"https:\/\/ore.fundacion-sm.org\/pt-br\/#organization\"},\"alternateName\":\"ORE\",\"potentialAction\":[{\"@type\":\"SearchAction\",\"target\":{\"@type\":\"EntryPoint\",\"urlTemplate\":\"https:\/\/ore.fundacion-sm.org\/pt-br\/?s={search_term_string}\"},\"query-input\":{\"@type\":\"PropertyValueSpecification\",\"valueRequired\":true,\"valueName\":\"search_term_string\"}}],\"inLanguage\":\"pt-BR\"},{\"@type\":\"Organization\",\"@id\":\"https:\/\/ore.fundacion-sm.org\/pt-br\/#organization\",\"name\":\"Fundaci\u00f3n SM\",\"url\":\"https:\/\/ore.fundacion-sm.org\/pt-br\/\",\"logo\":{\"@type\":\"ImageObject\",\"inLanguage\":\"pt-BR\",\"@id\":\"https:\/\/ore.fundacion-sm.org\/pt-br\/#\/schema\/logo\/image\/\",\"url\":\"https:\/\/ore.fundacion-sm.org\/wp-content\/uploads\/sites\/2\/2023\/10\/logotipo-fundacion-sm.png\",\"contentUrl\":\"https:\/\/ore.fundacion-sm.org\/wp-content\/uploads\/sites\/2\/2023\/10\/logotipo-fundacion-sm.png\",\"width\":447,\"height\":85,\"caption\":\"Fundaci\u00f3n SM\"},\"image\":{\"@id\":\"https:\/\/ore.fundacion-sm.org\/pt-br\/#\/schema\/logo\/image\/\"}}]}<\/script>\n<!-- \/ Yoast SEO plugin. -->","yoast_head_json":{"title":"Termos de uso - Observat\u00f3rio da Religi\u00e3o na Escola (ORE)","description":"Quem somos Inspira\u00e7\u00e3o A religi\u00e3o na escola Not\u00edcias Estudos Contato                         Inicio         Termos de uso","robots":{"index":"noindex","follow":"nofollow"},"og_locale":"pt_BR","og_type":"article","og_title":"Termos de uso - Observat\u00f3rio da Religi\u00e3o na Escola (ORE)","og_description":"Quem somos Inspira\u00e7\u00e3o A religi\u00e3o na escola Not\u00edcias Estudos Contato                         Inicio         Termos de uso","og_url":"https:\/\/ore.fundacion-sm.org\/pt-br\/termos-de-uso\/","og_site_name":"Observat\u00f3rio da Religi\u00e3o na Escola (ORE)","article_modified_time":"2025-02-27T09:24:16+00:00","og_image":[{"url":"https:\/\/ore.fundacion-sm.org\/wp-content\/uploads\/sites\/2\/2023\/11\/logo-ORE.png","type":"","width":"","height":""}],"twitter_card":"summary_large_image","schema":{"@context":"https:\/\/schema.org","@graph":[{"@type":"WebPage","@id":"https:\/\/ore.fundacion-sm.org\/pt-br\/termos-de-uso\/","url":"https:\/\/ore.fundacion-sm.org\/pt-br\/termos-de-uso\/","name":"Termos de uso - Observat\u00f3rio da Religi\u00e3o na Escola (ORE)","isPartOf":{"@id":"https:\/\/ore.fundacion-sm.org\/pt-br\/#website"},"primaryImageOfPage":{"@id":"https:\/\/ore.fundacion-sm.org\/pt-br\/termos-de-uso\/#primaryimage"},"image":{"@id":"https:\/\/ore.fundacion-sm.org\/pt-br\/termos-de-uso\/#primaryimage"},"thumbnailUrl":"https:\/\/ore.fundacion-sm.org\/wp-content\/uploads\/sites\/2\/2023\/11\/logo-ORE.png","datePublished":"2023-06-14T11:24:22+00:00","dateModified":"2025-02-27T09:24:16+00:00","description":"Quem somos Inspira\u00e7\u00e3o A religi\u00e3o na escola Not\u00edcias Estudos Contato Inicio Termos de uso","breadcrumb":{"@id":"https:\/\/ore.fundacion-sm.org\/pt-br\/termos-de-uso\/#breadcrumb"},"inLanguage":"pt-BR","potentialAction":[{"@type":"ReadAction","target":["https:\/\/ore.fundacion-sm.org\/pt-br\/termos-de-uso\/"]}]},{"@type":"ImageObject","inLanguage":"pt-BR","@id":"https:\/\/ore.fundacion-sm.org\/pt-br\/termos-de-uso\/#primaryimage","url":"https:\/\/ore.fundacion-sm.org\/wp-content\/uploads\/sites\/2\/2023\/11\/logo-ORE.png","contentUrl":"https:\/\/ore.fundacion-sm.org\/wp-content\/uploads\/sites\/2\/2023\/11\/logo-ORE.png"},{"@type":"BreadcrumbList","@id":"https:\/\/ore.fundacion-sm.org\/pt-br\/termos-de-uso\/#breadcrumb","itemListElement":[{"@type":"ListItem","position":1,"name":"In\u00edcio","item":"https:\/\/ore.fundacion-sm.org\/pt-br\/"},{"@type":"ListItem","position":2,"name":"Termos de uso"}]},{"@type":"WebSite","@id":"https:\/\/ore.fundacion-sm.org\/pt-br\/#website","url":"https:\/\/ore.fundacion-sm.org\/pt-br\/","name":"Observat\u00f3rio da Religi\u00e3o na Escola (ORE)","description":"Fundaci\u00f3n SM","publisher":{"@id":"https:\/\/ore.fundacion-sm.org\/pt-br\/#organization"},"alternateName":"ORE","potentialAction":[{"@type":"SearchAction","target":{"@type":"EntryPoint","urlTemplate":"https:\/\/ore.fundacion-sm.org\/pt-br\/?s={search_term_string}"},"query-input":{"@type":"PropertyValueSpecification","valueRequired":true,"valueName":"search_term_string"}}],"inLanguage":"pt-BR"},{"@type":"Organization","@id":"https:\/\/ore.fundacion-sm.org\/pt-br\/#organization","name":"Fundaci\u00f3n SM","url":"https:\/\/ore.fundacion-sm.org\/pt-br\/","logo":{"@type":"ImageObject","inLanguage":"pt-BR","@id":"https:\/\/ore.fundacion-sm.org\/pt-br\/#\/schema\/logo\/image\/","url":"https:\/\/ore.fundacion-sm.org\/wp-content\/uploads\/sites\/2\/2023\/10\/logotipo-fundacion-sm.png","contentUrl":"https:\/\/ore.fundacion-sm.org\/wp-content\/uploads\/sites\/2\/2023\/10\/logotipo-fundacion-sm.png","width":447,"height":85,"caption":"Fundaci\u00f3n SM"},"image":{"@id":"https:\/\/ore.fundacion-sm.org\/pt-br\/#\/schema\/logo\/image\/"}}]}},"_links":{"self":[{"href":"https:\/\/ore.fundacion-sm.org\/pt-br\/wp-json\/wp\/v2\/pages\/1288","targetHints":{"allow":["GET"]}}],"collection":[{"href":"https:\/\/ore.fundacion-sm.org\/pt-br\/wp-json\/wp\/v2\/pages"}],"about":[{"href":"https:\/\/ore.fundacion-sm.org\/pt-br\/wp-json\/wp\/v2\/types\/page"}],"author":[{"embeddable":true,"href":"https:\/\/ore.fundacion-sm.org\/pt-br\/wp-json\/wp\/v2\/users\/1"}],"replies":[{"embeddable":true,"href":"https:\/\/ore.fundacion-sm.org\/pt-br\/wp-json\/wp\/v2\/comments?post=1288"}],"version-history":[{"count":23,"href":"https:\/\/ore.fundacion-sm.org\/pt-br\/wp-json\/wp\/v2\/pages\/1288\/revisions"}],"predecessor-version":[{"id":2396,"href":"https:\/\/ore.fundacion-sm.org\/pt-br\/wp-json\/wp\/v2\/pages\/1288\/revisions\/2396"}],"wp:attachment":[{"href":"https:\/\/ore.fundacion-sm.org\/pt-br\/wp-json\/wp\/v2\/media?parent=1288"}],"curies":[{"name":"wp","href":"https:\/\/api.w.org\/{rel}","templated":true}]}}